{"id":1388,"date":"2023-01-22T09:42:29","date_gmt":"2023-01-22T08:42:29","guid":{"rendered":"https:\/\/heimatvereinbersenbrueck.de\/wordpress\/?page_id=1388"},"modified":"2024-05-11T15:53:02","modified_gmt":"2024-05-11T13:53:02","slug":"arbeitsschwerpunkte-des-heimatvereins-bersenbrueck","status":"publish","type":"page","link":"https:\/\/heimatvereinbersenbrueck.de\/wordpress\/arbeitsschwerpunkte-des-heimatvereins-bersenbrueck\/","title":{"rendered":"Schwerpunkte"},"content":{"rendered":"\n<h2 class=\"wp-block-heading\"><strong>Arbeitsschwerpunkte des Heimatvereins Bersenbr\u00fcck<\/strong><\/h2>\n\n\n\n<p><\/p>\n\n\n\n<p><strong>Fu\u00dfwanderungen <\/strong><\/p>\n\n\n\n<p>Seit der Wiederbegr\u00fcndung 1974\/75 geh\u00f6ren Fu\u00dfwanderungen zum Jahresprogramm.<\/p>\n\n\n\n<p>Als Etappenwanderungen wurden fast alle Fernwanderwege des Wiehengebirgsverbandes Weser-Ems (WGV), dem der Heimatverein als Mitglied angeh\u00f6rt, erwandert.<\/p>\n\n\n\n<div class=\"wp-block-columns is-layout-flex wp-container-core-columns-is-layout-9d6595d7 wp-block-columns-is-layout-flex\">\n<div class=\"wp-block-column is-layout-flow wp-block-column-is-layout-flow\">\n<figure class=\"wp-block-gallery has-nested-images columns-default is-cropped wp-block-gallery-1 is-layout-flex wp-block-gallery-is-layout-flex\">\n<figure class=\"wp-block-image size-large\"><a href=\"https:\/\/heimatvereinbersenbrueck.de\/wordpress\/wp-content\/uploads\/2023\/03\/Fusswanderungen.jpg\"><img loading=\"lazy\" decoding=\"async\" width=\"960\" height=\"657\" data-id=\"1508\" src=\"https:\/\/heimatvereinbersenbrueck.de\/wordpress\/wp-content\/uploads\/2023\/03\/Fusswanderungen-960x657.jpg\" alt=\"Heimatverein Bersenbr\u00fcck Fu\u00dfwanderung\" class=\"wp-image-1508\" srcset=\"https:\/\/heimatvereinbersenbrueck.de\/wordpress\/wp-content\/uploads\/2023\/03\/Fusswanderungen-960x657.jpg 960w, https:\/\/heimatvereinbersenbrueck.de\/wordpress\/wp-content\/uploads\/2023\/03\/Fusswanderungen-620x425.jpg 620w, https:\/\/heimatvereinbersenbrueck.de\/wordpress\/wp-content\/uploads\/2023\/03\/Fusswanderungen-768x526.jpg 768w, https:\/\/heimatvereinbersenbrueck.de\/wordpress\/wp-content\/uploads\/2023\/03\/Fusswanderungen-1536x1052.jpg 1536w, https:\/\/heimatvereinbersenbrueck.de\/wordpress\/wp-content\/uploads\/2023\/03\/Fusswanderungen.jpg 1776w\" sizes=\"auto, (max-width: 960px) 100vw, 960px\" \/><\/a><figcaption class=\"wp-element-caption\">Wanderung auf dem Rennsteig in Th\u00fcringen &#8211; Foto: Franz Buitmann<\/figcaption><\/figure>\n<\/figure>\n\n\n\n<p>Zun\u00e4chst war es der Wittekindsweg, unter anderem folgten dann der Friesenweg (heute H\u00fcnenweg), der Ems-Hase-Hunte-Else-Weg, der Pickerweg, der Geestweg, der Hermanns-Weg, der T\u00f6dden-Weg (heute Handelsweg) und der Arminiusweg. Hinzu kamen Rundwanderwege wie der Ahornweg, der Kleeblattweg und der Birkenweg sowie der Bersenbr\u00fccker-Land-Weg. Ferner wurden der Rennsteig im Th\u00fcringer Wald und der Rothaarsteig erwandert. <br><br>Viele Jahre gab es im Herbst ein Wanderwochenende, so in der L\u00fcneburger Heide, im Solling, im Harz und im Sauerland. Hinzu kamen Kurzwanderungen im Osnabr\u00fccker Raum, regelm\u00e4\u00dfig nahm man teil an den Deutschen Wandertagen und an den Sternwanderungen der Dachverb\u00e4nde. Auftakt in jedem Jahr waren und sind die Winterwanderungen. Vom Fr\u00fchjahr an fanden in der Woche kurze Wanderungen in der Umgebung statt, beliebt war auch die jeweilige Stadtteil-Wanderung.<br><br>Auch am Tag des Wanderns jeweils am 14. Mai des Jahres ist der Heimatverein dabei. Von der Teilnahme an den einzelnen Wanderungen zeugen die zahlreichen Wimpelb\u00e4nder im Heimathaus Feldm\u00fchle. <br><br>Ein eigener Wimpel begleitete h\u00e4ufig die Wanderer.<\/p>\n\n\n\n<p><\/p>\n<\/div>\n<\/div>\n\n\n\n<p><strong>Radwanderungen<\/strong><\/p>\n\n\n\n<figure class=\"wp-block-image size-large\"><a href=\"https:\/\/heimatvereinbersenbrueck.de\/wordpress\/wp-content\/uploads\/2023\/01\/Radwanderungen.jpg\"><img loading=\"lazy\" decoding=\"async\" width=\"940\" height=\"705\" src=\"https:\/\/heimatvereinbersenbrueck.de\/wordpress\/wp-content\/uploads\/2023\/01\/Radwanderungen-940x705.jpg\" alt=\"Radwanderung  - Startpunkt Feldm\u00fchle\u00b4\" class=\"wp-image-1380\" srcset=\"https:\/\/heimatvereinbersenbrueck.de\/wordpress\/wp-content\/uploads\/2023\/01\/Radwanderungen-940x705.jpg 940w, https:\/\/heimatvereinbersenbrueck.de\/wordpress\/wp-content\/uploads\/2023\/01\/Radwanderungen-620x465.jpg 620w, https:\/\/heimatvereinbersenbrueck.de\/wordpress\/wp-content\/uploads\/2023\/01\/Radwanderungen-768x576.jpg 768w, https:\/\/heimatvereinbersenbrueck.de\/wordpress\/wp-content\/uploads\/2023\/01\/Radwanderungen-1536x1152.jpg 1536w, https:\/\/heimatvereinbersenbrueck.de\/wordpress\/wp-content\/uploads\/2023\/01\/Radwanderungen.jpg 2016w\" sizes=\"auto, (max-width: 940px) 100vw, 940px\" \/><\/a><figcaption class=\"wp-element-caption\">Radwanderung &#8211; Startpunkt &#8211; Feldm\u00fchle <\/figcaption><\/figure>\n\n\n\n<p>Ebenfalls seit Wiederbegr\u00fcndung bietet der Heimatverein mehrmals im Jahr Halbtags- und Ganztagsradwanderungen an, h\u00e4ufig auch verbunden mit Besichtigungen unterwegs. Er\u00f6ffnet wurde die Saison nicht selten mit einem anschlie\u00dfenden Gr\u00fcnkohlessen im Heimathaus Feldm\u00fchle. Seit dem Jahre 2023 wird regelm\u00e4\u00dfig jeweils am Dienstag eines Monats eine Halbtagsradwanderung angeboten, zus\u00e4tzlich auch weiterhin einige Ganztagsradwanderungen.<\/p>\n\n\n\n<p><strong>Natur- und Umweltschutz<\/strong><\/p>\n\n\n\n<figure class=\"wp-block-image size-large is-resized\"><a href=\"https:\/\/heimatvereinbersenbrueck.de\/wordpress\/wp-content\/uploads\/2023\/01\/Natur-und-Umweltschutz-1.jpg\"><img loading=\"lazy\" decoding=\"async\" src=\"https:\/\/heimatvereinbersenbrueck.de\/wordpress\/wp-content\/uploads\/2023\/01\/Natur-und-Umweltschutz-1-940x705.jpg\" alt=\"\" class=\"wp-image-1460\" width=\"669\" height=\"501\" srcset=\"https:\/\/heimatvereinbersenbrueck.de\/wordpress\/wp-content\/uploads\/2023\/01\/Natur-und-Umweltschutz-1-940x705.jpg 940w, https:\/\/heimatvereinbersenbrueck.de\/wordpress\/wp-content\/uploads\/2023\/01\/Natur-und-Umweltschutz-1-620x465.jpg 620w, https:\/\/heimatvereinbersenbrueck.de\/wordpress\/wp-content\/uploads\/2023\/01\/Natur-und-Umweltschutz-1-768x576.jpg 768w, https:\/\/heimatvereinbersenbrueck.de\/wordpress\/wp-content\/uploads\/2023\/01\/Natur-und-Umweltschutz-1-1536x1152.jpg 1536w, https:\/\/heimatvereinbersenbrueck.de\/wordpress\/wp-content\/uploads\/2023\/01\/Natur-und-Umweltschutz-1.jpg 2016w\" sizes=\"auto, (max-width: 669px) 100vw, 669px\" \/><\/a><figcaption class=\"wp-element-caption\"> Streuobstwiese und Wildblumenwiese an der Feldm\u00fchle<\/figcaption><\/figure>\n\n\n\n<p>Der Heimatverein k\u00fcmmert sich in vielf\u00e4ltiger Weise um den Natur- und Umweltschutz. Im Fr\u00fchjahr jeden Jahres organisiert er eine S\u00e4uberungsaktion in der Stadt, unterst\u00fctzt von mehreren Vereinen und Gruppen. An verschiedenen Stellen der Stadt wurden Nistk\u00e4sten f\u00fcr Halbh\u00f6hlen- und H\u00f6hlenbr\u00fcter aufgeh\u00e4ngt, sie werden zudem regelm\u00e4\u00dfig ges\u00e4ubert. Fledermaus-, Schleiereulen- und Waldkauzk\u00e4sten sowie Steinkauzr\u00f6hren wurden vom Verein beschafft und im Bereich des Heimathauses Feldm\u00fchle sowie im Klosterareal angebracht. In der N\u00e4he des Heimathauses befinden sich Nistr\u00f6hren f\u00fcr Eisv\u00f6gel. Ein Wildbienenhotel sowie ein Bienenwagen mit Honigbienen sorgen f\u00fcr die Best\u00e4ubung von Bl\u00fcten, die in der vom Verein angelegten Streuobstwiese und in der Wildblumenwiese zu finden sind. Am Feldm\u00fchlenteich werden seit Jahren die \u201eB\u00e4ume des Jahres\u201c angepflanzt. Zu Beginn der T\u00e4tigkeit des Vereins wurde ein Amphibiengew\u00e4sser angelegt. Im Bereich des Feldm\u00fchlenteiches gibt es zahlreiche Fischarten, erl\u00e4utert auf Hinweistafeln und betreut vom Angelsportverein Bersenbr\u00fcck, auf dem und am Teich f\u00fchlen sich Wasserv\u00f6gel wohl.<\/p>\n\n\n\n<p>Mit Hilfe des Wasserrades am Heimathaus wird im Untergeschoss des Heimathauses durch die Wasserkraft mit einem Generator Strom erzeugt. An der Remise beim Heimathaus steht eine Lades\u00e4ule f\u00fcr E-Bikes.<\/p>\n\n\n\n<p><strong>Archiv<\/strong><\/p>\n\n\n\n<figure class=\"wp-block-image size-large\"><a href=\"https:\/\/heimatvereinbersenbrueck.de\/wordpress\/wp-content\/uploads\/2023\/01\/Haus-Wehberg-Bramscher-Str.jpg\"><img loading=\"lazy\" decoding=\"async\" width=\"940\" height=\"586\" src=\"https:\/\/heimatvereinbersenbrueck.de\/wordpress\/wp-content\/uploads\/2023\/01\/Haus-Wehberg-Bramscher-Str-940x586.jpg\" alt=\"Haus Wehberg Bramscher Str\" class=\"wp-image-1374\" srcset=\"https:\/\/heimatvereinbersenbrueck.de\/wordpress\/wp-content\/uploads\/2023\/01\/Haus-Wehberg-Bramscher-Str-940x586.jpg 940w, https:\/\/heimatvereinbersenbrueck.de\/wordpress\/wp-content\/uploads\/2023\/01\/Haus-Wehberg-Bramscher-Str-620x387.jpg 620w, https:\/\/heimatvereinbersenbrueck.de\/wordpress\/wp-content\/uploads\/2023\/01\/Haus-Wehberg-Bramscher-Str-768x479.jpg 768w, https:\/\/heimatvereinbersenbrueck.de\/wordpress\/wp-content\/uploads\/2023\/01\/Haus-Wehberg-Bramscher-Str-1536x958.jpg 1536w, https:\/\/heimatvereinbersenbrueck.de\/wordpress\/wp-content\/uploads\/2023\/01\/Haus-Wehberg-Bramscher-Str.jpg 1944w\" sizes=\"auto, (max-width: 940px) 100vw, 940px\" \/><\/a><figcaption class=\"wp-element-caption\">Haus Wehberg Bramscher Str<\/figcaption><\/figure>\n\n\n\n<p>Im Heimathaus Feldm\u00fchle hat der Heimatverein ein umfangreiches Literatur-Archiv und eine Sammlung von Ordnern mit historischen Unterlagen sowie von Exponaten und Wandkarten aus der Vergangenheit angelegt. In Zusammenarbeit mit der Volkshochschule Osnabr\u00fccker Land (VHS) wird in regelm\u00e4\u00dfigen Sitzungen der Foto-Archiv-AG das Bild- und Diamaterial gesichtet, bestimmt und digital erfasst und dann archiviert.<\/p>\n\n\n\n<p><strong>Denkmalpflege<\/strong><\/p>\n\n\n\n<figure class=\"wp-block-image size-large is-resized\"><a href=\"https:\/\/heimatvereinbersenbrueck.de\/wordpress\/wp-content\/uploads\/2023\/01\/Denkmalschutz-1.jpg\"><img loading=\"lazy\" decoding=\"async\" src=\"https:\/\/heimatvereinbersenbrueck.de\/wordpress\/wp-content\/uploads\/2023\/01\/Denkmalschutz-1-940x705.jpg\" alt=\"\" class=\"wp-image-1455\" width=\"673\" height=\"504\" srcset=\"https:\/\/heimatvereinbersenbrueck.de\/wordpress\/wp-content\/uploads\/2023\/01\/Denkmalschutz-1-940x705.jpg 940w, https:\/\/heimatvereinbersenbrueck.de\/wordpress\/wp-content\/uploads\/2023\/01\/Denkmalschutz-1-620x465.jpg 620w, https:\/\/heimatvereinbersenbrueck.de\/wordpress\/wp-content\/uploads\/2023\/01\/Denkmalschutz-1-768x576.jpg 768w, https:\/\/heimatvereinbersenbrueck.de\/wordpress\/wp-content\/uploads\/2023\/01\/Denkmalschutz-1-1536x1152.jpg 1536w, https:\/\/heimatvereinbersenbrueck.de\/wordpress\/wp-content\/uploads\/2023\/01\/Denkmalschutz-1.jpg 2016w\" sizes=\"auto, (max-width: 673px) 100vw, 673px\" \/><\/a><figcaption class=\"wp-element-caption\">Heimathaus Feldm\u00fchle im Herbst<\/figcaption><\/figure>\n\n\n\n<p>Der Heimatverein bem\u00fcht sich um die Erhaltung \u00fcberkommener Bausubstanz und historischer Einrichtungen. Die Pflege und Unterhaltung des Heimathauses Feldm\u00fchle steht dabei im Mittelpunkt. Mit Hilfe von Gedenksteinen und Tafeln wird auf historische Ereignisse hingewiesen. Durch die Mitgliedschaft im Kuratorium \u201eMuseum im Kloster\u201c stehen auch das ehemalige Zisterzienserinnen-Kloster von 1231 und die Klosterpforte von 1700 im Blickpunkt. Seit einigen Jahren beteiligt sich der Heimatverein auch am \u201eTag des Offenen Denkmals\u201c jeweils am zweiten Sonntag im September. Im Untergeschoss des Heimathauses gibt es eine Ausstellung des Wasserverbandes Bersenbr\u00fcck sowie \u00fcber fr\u00fchere M\u00fchlentechniken. Am Heimathaus sind Reste der fr\u00fcheren Feldm\u00fchle platziert.<\/p>\n\n\n\n<p><strong>Plattdeutsch<\/strong><\/p>\n\n\n\n<figure class=\"wp-block-image size-large\"><a href=\"https:\/\/heimatvereinbersenbrueck.de\/wordpress\/wp-content\/uploads\/2023\/01\/Plattdeutsch-scaled.jpg\"><img loading=\"lazy\" decoding=\"async\" width=\"940\" height=\"705\" src=\"https:\/\/heimatvereinbersenbrueck.de\/wordpress\/wp-content\/uploads\/2023\/01\/Plattdeutsch-940x705.jpg\" alt=\"\" class=\"wp-image-1379\" srcset=\"https:\/\/heimatvereinbersenbrueck.de\/wordpress\/wp-content\/uploads\/2023\/01\/Plattdeutsch-940x705.jpg 940w, https:\/\/heimatvereinbersenbrueck.de\/wordpress\/wp-content\/uploads\/2023\/01\/Plattdeutsch-620x465.jpg 620w, https:\/\/heimatvereinbersenbrueck.de\/wordpress\/wp-content\/uploads\/2023\/01\/Plattdeutsch-768x576.jpg 768w, https:\/\/heimatvereinbersenbrueck.de\/wordpress\/wp-content\/uploads\/2023\/01\/Plattdeutsch-1536x1152.jpg 1536w, https:\/\/heimatvereinbersenbrueck.de\/wordpress\/wp-content\/uploads\/2023\/01\/Plattdeutsch-2048x1536.jpg 2048w\" sizes=\"auto, (max-width: 940px) 100vw, 940px\" \/><\/a><figcaption class=\"wp-element-caption\">Unsere Plattdeutsch-Gruppe im Gespr\u00e4ch<\/figcaption><\/figure>\n\n\n\n<p>Der Heimatverein k\u00fcmmert sich um die Pflege und Erhaltung des Kulturgutes plattdeutsche Sprache. Er hat sich bei Anfragen von Instituten, die sich um die niederdeutsche Sprache k\u00fcmmern, mit Informationen und konkreten Beispielen aus dem hiesigen Raum beteiligt. Gespr\u00e4chsrunden vorrangig im Winter-Halbjahr am Kamin im Heimathaus Feldm\u00fchle fanden guten Anklang.<\/p>\n\n\n\n<p><strong>Kultur<\/strong><\/p>\n\n\n\n<figure class=\"wp-block-image size-large\"><a href=\"https:\/\/heimatvereinbersenbrueck.de\/wordpress\/wp-content\/uploads\/2023\/01\/Kultur-1-1.jpg\"><img loading=\"lazy\" decoding=\"async\" width=\"940\" height=\"705\" src=\"https:\/\/heimatvereinbersenbrueck.de\/wordpress\/wp-content\/uploads\/2023\/01\/Kultur-1-1-940x705.jpg\" alt=\"\" class=\"wp-image-1458\" srcset=\"https:\/\/heimatvereinbersenbrueck.de\/wordpress\/wp-content\/uploads\/2023\/01\/Kultur-1-1-940x705.jpg 940w, https:\/\/heimatvereinbersenbrueck.de\/wordpress\/wp-content\/uploads\/2023\/01\/Kultur-1-1-620x465.jpg 620w, https:\/\/heimatvereinbersenbrueck.de\/wordpress\/wp-content\/uploads\/2023\/01\/Kultur-1-1-768x576.jpg 768w, https:\/\/heimatvereinbersenbrueck.de\/wordpress\/wp-content\/uploads\/2023\/01\/Kultur-1-1-1536x1152.jpg 1536w, https:\/\/heimatvereinbersenbrueck.de\/wordpress\/wp-content\/uploads\/2023\/01\/Kultur-1-1.jpg 2016w\" sizes=\"auto, (max-width: 940px) 100vw, 940px\" \/><\/a><figcaption class=\"wp-element-caption\">Aufstellen des Maibaums am Heimathaus Feldm\u00fchle<\/figcaption><\/figure>\n\n\n\n<p>Die Pflege von Sitte und Brauchtum sowie des traditionellen Musikgutes geh\u00f6ren zu den Aufgaben des Heimatvereins. Das Abbrennen eines Osterfeuers, das Aufstellen eines Maibaumes, fr\u00fcher auf dem Marktplatz, seit einigen Jahren am Heimathaus Feldm\u00fchle, und viele Jahre auch der Nikolaus-Laternenumzug im Rahmen des Weihnachtsmarktes sowie Liederabende im Heimathaus sind Beispiele daf\u00fcr. Mit dem Heimatkreis Greifenhagen\/Pommern unterh\u00e4lt der Heimatverein vielf\u00e4ltige Kontakte, Hinweise darauf finden sich im und am Heimathaus.<\/p>\n\n\n\n<p><strong>Tourismus<\/strong><\/p>\n\n\n\n<figure class=\"wp-block-image size-large is-resized\"><a href=\"https:\/\/heimatvereinbersenbrueck.de\/wordpress\/wp-content\/uploads\/2023\/01\/Tourismus-scaled.jpg\"><img loading=\"lazy\" decoding=\"async\" src=\"https:\/\/heimatvereinbersenbrueck.de\/wordpress\/wp-content\/uploads\/2023\/01\/Tourismus-940x705.jpg\" alt=\"\" class=\"wp-image-1382\" width=\"670\" height=\"502\" srcset=\"https:\/\/heimatvereinbersenbrueck.de\/wordpress\/wp-content\/uploads\/2023\/01\/Tourismus-940x705.jpg 940w, https:\/\/heimatvereinbersenbrueck.de\/wordpress\/wp-content\/uploads\/2023\/01\/Tourismus-620x465.jpg 620w, https:\/\/heimatvereinbersenbrueck.de\/wordpress\/wp-content\/uploads\/2023\/01\/Tourismus-768x576.jpg 768w, https:\/\/heimatvereinbersenbrueck.de\/wordpress\/wp-content\/uploads\/2023\/01\/Tourismus-1536x1152.jpg 1536w, https:\/\/heimatvereinbersenbrueck.de\/wordpress\/wp-content\/uploads\/2023\/01\/Tourismus-2048x1536.jpg 2048w\" sizes=\"auto, (max-width: 670px) 100vw, 670px\" \/><\/a><figcaption class=\"wp-element-caption\">Stadtf\u00fchrung &#8211; Erkl\u00e4rungen im Kloster Innenhof<\/figcaption><\/figure>\n\n\n\n<p>Auf verschiedenen Ebenen beteiligt sich der Heimatverein auch an der touristischen Erschlie\u00dfung der Stadt Bersenbr\u00fcck und ihres Umlandes. <br>Fachkundige F\u00fchrungen werden angeboten. <br>Drei Rundwanderwege hat der Heimatverein im Bereich Bersenbr\u00fcck ausgewiesen: Der M\u00fchlenweg (6,2 km), die Stadtteil-Tour (13,8 km) und der Bauern \u2013 Landweg (22,6 km). Ausgangspunkt f\u00fcr alle drei Wege ist das Heimathaus Feldm\u00fchle. <br><\/p>\n\n\n\n<p>Der Heimatverein ist Mitglied in der M\u00fchlenvereinigung Niedersachsen-Bremen. <br><br>F\u00fcr Veranstaltungen, Feiern und Jubil\u00e4en kann das Heimathaus angemietet werden.<\/p>\n\n\n\n<p><strong>Schrifttum \u2013 Filme<\/strong><\/p>\n\n\n\n<figure class=\"wp-block-image size-large is-style-rounded\"><a href=\"https:\/\/heimatvereinbersenbrueck.de\/wordpress\/wp-content\/uploads\/2023\/01\/Archiv-scaled.jpg\"><img loading=\"lazy\" decoding=\"async\" width=\"533\" height=\"800\" src=\"https:\/\/heimatvereinbersenbrueck.de\/wordpress\/wp-content\/uploads\/2023\/01\/Archiv-533x800.jpg\" alt=\"\" class=\"wp-image-1370\" srcset=\"https:\/\/heimatvereinbersenbrueck.de\/wordpress\/wp-content\/uploads\/2023\/01\/Archiv-533x800.jpg 533w, https:\/\/heimatvereinbersenbrueck.de\/wordpress\/wp-content\/uploads\/2023\/01\/Archiv-620x930.jpg 620w, https:\/\/heimatvereinbersenbrueck.de\/wordpress\/wp-content\/uploads\/2023\/01\/Archiv-768x1152.jpg 768w, https:\/\/heimatvereinbersenbrueck.de\/wordpress\/wp-content\/uploads\/2023\/01\/Archiv-1024x1536.jpg 1024w, https:\/\/heimatvereinbersenbrueck.de\/wordpress\/wp-content\/uploads\/2023\/01\/Archiv-1365x2048.jpg 1365w, https:\/\/heimatvereinbersenbrueck.de\/wordpress\/wp-content\/uploads\/2023\/01\/Archiv-scaled.jpg 1707w\" sizes=\"auto, (max-width: 533px) 100vw, 533px\" \/><\/a><\/figure>\n\n\n\n<figure class=\"wp-block-embed is-type-video is-provider-youtube wp-block-embed-youtube wp-embed-aspect-4-3 wp-has-aspect-ratio\"><div class=\"wp-block-embed__wrapper\">\n<iframe loading=\"lazy\" title=\"Leben in Bersenbr\u00fcck 1956 - Film zur Stadterhebung\" width=\"780\" height=\"585\" src=\"https:\/\/www.youtube.com\/embed\/0-LGgb8gTAQ?feature=oembed\" frameborder=\"0\" allow=\"accelerometer; autoplay; clipboard-write; encrypted-media; gyroscope; picture-in-picture; web-share\" referrerpolicy=\"strict-origin-when-cross-origin\" allowfullscreen><\/iframe>\n<\/div><\/figure>\n\n\n\n<p>Geschichte und Gegenwart Bersenbr\u00fccks sind mehrfach literarisch unter Mitwirkung des Heimatvereins aufgearbeitet worden.<br>Im Heimathaus Feldm\u00fchle k\u00f6nnen die Werke eingesehen werden, dazu auch im Archiv des Kreisheimatbundes Bersenbr\u00fcck (KHBB) im \u201eMuseum im Kloster Bersenbr\u00fcck\u201c. Video-Filme von der Stadterhebung Bersenbr\u00fccks 1956 und um die Jahrtausendwende wurden erstellt, sie liegen inzwischen auch digitalisiert vor. <br><br>Gro\u00dfer Beliebtheit erfreut sich seit 2009 der j\u00e4hrliche Heimat-Kalender unter dem Motto \u201eBersenbr\u00fcck gestern und heute\u201c. <br>Von einigen Jahrg\u00e4ngen liegen noch Exemplare vor. \u00dcber die Aktivit\u00e4ten des Heimatvereins informiert in der Regel viermal im Jahr das \u201eMitteilungsblatt\u201c. Ein Faltblatt gibt zu Beginn des Jahres das Jahresprogramm des<\/p>\n\n\n\n<figure class=\"wp-block-image size-large\"><a href=\"https:\/\/heimatvereinbersenbrueck.de\/wordpress\/wp-content\/uploads\/2023\/01\/Schrifttum-Filme.jpg\"><img loading=\"lazy\" decoding=\"async\" width=\"940\" height=\"627\" src=\"https:\/\/heimatvereinbersenbrueck.de\/wordpress\/wp-content\/uploads\/2023\/01\/Schrifttum-Filme-940x627.jpg\" alt=\"\" class=\"wp-image-1381\" srcset=\"https:\/\/heimatvereinbersenbrueck.de\/wordpress\/wp-content\/uploads\/2023\/01\/Schrifttum-Filme-940x627.jpg 940w, https:\/\/heimatvereinbersenbrueck.de\/wordpress\/wp-content\/uploads\/2023\/01\/Schrifttum-Filme-620x413.jpg 620w, https:\/\/heimatvereinbersenbrueck.de\/wordpress\/wp-content\/uploads\/2023\/01\/Schrifttum-Filme-768x512.jpg 768w, https:\/\/heimatvereinbersenbrueck.de\/wordpress\/wp-content\/uploads\/2023\/01\/Schrifttum-Filme-1536x1024.jpg 1536w, https:\/\/heimatvereinbersenbrueck.de\/wordpress\/wp-content\/uploads\/2023\/01\/Schrifttum-Filme-2048x1365.jpg 2048w\" sizes=\"auto, (max-width: 940px) 100vw, 940px\" \/><\/a><\/figure>\n","protected":false},"excerpt":{"rendered":"<p>Arbeitsschwerpunkte des Heimatvereins Bersenbr\u00fcck Fu\u00dfwanderungen Seit der Wiederbegr\u00fcndung 1974\/75 geh\u00f6ren Fu\u00dfwanderungen zum Jahresprogramm. Als Etappenwanderungen wurden fast alle Fernwanderwege des Wiehengebirgsverbandes Weser-Ems (WGV), dem der Heimatverein als Mitglied angeh\u00f6rt, erwandert. Zun\u00e4chst war es der Wittekindsweg, unter anderem folgten dann der Friesenweg (heute H\u00fcnenweg), der Ems-Hase-Hunte-Else-Weg, der Pickerweg, der Geestweg, der Hermanns-Weg, der T\u00f6dden-Weg (heute Handelsweg) und der Arminiusweg. Hinzu kamen <a class=\"more-link\" href=\"https:\/\/heimatvereinbersenbrueck.de\/wordpress\/arbeitsschwerpunkte-des-heimatvereins-bersenbrueck\/\">&lt;weiterlesen&#8230;<\/a><\/p>\n","protected":false},"author":3,"featured_media":0,"parent":0,"menu_order":0,"comment_status":"closed","ping_status":"closed","template":"sidebar-page.php","meta":{"pgc_sgb_lightbox_settings":"","_EventAllDay":false,"_EventTimezone":"","_EventStartDate":"","_EventEndDate":"","_EventStartDateUTC":"","_EventEndDateUTC":"","_EventShowMap":false,"_EventShowMapLink":false,"_EventURL":"","_EventCost":"","_EventCostDescription":"","_EventCurrencySymbol":"","_EventCurrencyCode":"","_EventCurrencyPosition":"","_EventDateTimeSeparator":"","_EventTimeRangeSeparator":"","_EventOrganizerID":[],"_EventVenueID":[],"_OrganizerEmail":"","_OrganizerPhone":"","_OrganizerWebsite":"","_VenueAddress":"","_VenueCity":"","_VenueCountry":"","_VenueProvince":"","_VenueState":"","_VenueZip":"","_VenuePhone":"","_VenueURL":"","_VenueStateProvince":"","_VenueLat":"","_VenueLng":"","_VenueShowMap":false,"_VenueShowMapLink":false,"footnotes":""},"class_list":["post-1388","page","type-page","status-publish","hentry"],"_links":{"self":[{"href":"https:\/\/heimatvereinbersenbrueck.de\/wordpress\/wp-json\/wp\/v2\/pages\/1388","targetHints":{"allow":["GET"]}}],"collection":[{"href":"https:\/\/heimatvereinbersenbrueck.de\/wordpress\/wp-json\/wp\/v2\/pages"}],"about":[{"href":"https:\/\/heimatvereinbersenbrueck.de\/wordpress\/wp-json\/wp\/v2\/types\/page"}],"author":[{"embeddable":true,"href":"https:\/\/heimatvereinbersenbrueck.de\/wordpress\/wp-json\/wp\/v2\/users\/3"}],"replies":[{"embeddable":true,"href":"https:\/\/heimatvereinbersenbrueck.de\/wordpress\/wp-json\/wp\/v2\/comments?post=1388"}],"version-history":[{"count":27,"href":"https:\/\/heimatvereinbersenbrueck.de\/wordpress\/wp-json\/wp\/v2\/pages\/1388\/revisions"}],"predecessor-version":[{"id":1615,"href":"https:\/\/heimatvereinbersenbrueck.de\/wordpress\/wp-json\/wp\/v2\/pages\/1388\/revisions\/1615"}],"wp:attachment":[{"href":"https:\/\/heimatvereinbersenbrueck.de\/wordpress\/wp-json\/wp\/v2\/media?parent=1388"}],"curies":[{"name":"wp","href":"https:\/\/api.w.org\/{rel}","templated":true}]}}