{"id":2960,"date":"2024-06-05T15:18:44","date_gmt":"2024-06-05T13:18:44","guid":{"rendered":"https:\/\/heimatvereinbersenbrueck.de\/wordpress\/?page_id=2960"},"modified":"2026-04-24T10:04:13","modified_gmt":"2026-04-24T08:04:13","slug":"home-2","status":"publish","type":"page","link":"https:\/\/heimatvereinbersenbrueck.de\/wordpress\/","title":{"rendered":"Home"},"content":{"rendered":"\n<div class=\"wp-block-columns is-layout-flex wp-container-core-columns-is-layout-9d6595d7 wp-block-columns-is-layout-flex\">\n<div class=\"wp-block-column is-layout-flow wp-block-column-is-layout-flow\">\n<h1 class=\"wp-block-heading\">Unsere n\u00e4chsten Veranstaltungen <br><\/h1>\n<\/div>\n<\/div>\n\n\n\n<h3 class=\"wp-block-heading\"><strong>Diesj\u00e4hrige Tagesfahrt des Heimatvereins Bersenbr\u00fcck f\u00fchrt am 20. August in das M\u00fcnsterland mit der<\/strong><br><strong>Stadt Ahaus, dem Schloss Ahaus und der Stadt Gescher<\/strong><\/h3>\n\n\n\n<p>Seit einigen Jahren l\u00e4dt der Heimatverein Bersenbr\u00fcck zu einer Tagesfahrt ein.<br><br>Ziel in diesem Jahr ist am 20. August das westliche M\u00fcnsterland mit der Stadt Ahaus, dem Schloss Ahaus und der Stadt Gescher. <br><br>Die Abfahrt mit dem Bus erfolgt um 6.45 Uhr vom Bahnhof Bersenbr\u00fcck aus.<br><br>Die Kosten betragen 55 Euro f\u00fcr Mitglieder des Heimatvereins, f\u00fcr Nichtmitglieder 65 Euro. <br><\/p>\n\n\n\n<p>Darin eingeschlossen sind die Buskosten, ein Fr\u00fchst\u00fcck und eine Kaffeetafel sowie Gelder f\u00fcr Eintritte und F\u00fchrungen, ein gemeinsames Mittagessen erfolgt auf eigene Rechnung. <br><br>Eine Anmeldung erfolgt durch Einzahlung auf folgende Konten des Heimatvereins Bersenbr\u00fcck: <strong>Kreissparkasse Bersenbr\u00fcck-IBAN DE 60 2655 1540 0010 0179 60<\/strong> <br><br>Zun\u00e4chst gibt es ein Fr\u00fchst\u00fccksbuffet in der Gutssch\u00e4nke Holsterfeld in Salzbergen. <br><br>In Ahaus erfolgt eine F\u00fchrung durch die Innenstadt und anschlie\u00dfend durch verschiedene R\u00e4ume des Schlosses, einem ehemaligen Residenzschloss der F\u00fcrstbisch\u00f6fe von M\u00fcnster. <br>Weiter geht die Fahrt nach Nordvelen zum Mittagessen im Gasthof Pappers.<br> Von hier aus geht es weiter nach Gescher mit einer F\u00fchrung in der Glockengie\u00dferei und Besichtigung der Ausstellung. <br>Die Fahrt schlie\u00dft ab mit einer Kaffeetafel auf dem Hof Schulze \u2013 Scholle am Stadtrand von Gescher.<\/p>\n\n\n\n<div  class=\"tribe-compatibility-container\" >\n\t<div\n\t\t class=\"tribe-common tribe-events tribe-events-view tribe-events-view--widget-events-list tribe-events-widget\" \t\tdata-js=\"tribe-events-view\"\n\t\tdata-view-rest-url=\"https:\/\/heimatvereinbersenbrueck.de\/wordpress\/wp-json\/tribe\/views\/v2\/html\"\n\t\tdata-view-manage-url=\"1\"\n\t\t\t\t\t\t\tdata-view-breakpoint-pointer=\"66c478fb-adcf-4b9e-b2e0-016b65db41de\"\n\t\t\t>\n\t\t<div class=\"tribe-events-widget-events-list\">\n\n\t\t\t<script type=\"application\/ld+json\">\r\n[{\"@context\":\"http:\/\/schema.org\",\"@type\":\"Event\",\"name\":\"Treffen der Plattdeutsch Gruppe des Heimatverein Bersenbr\\u00fcck e.V. in der Feldm\\u00fchle\",\"description\":\"&lt;p&gt;Treffen der Plattdeutsch Gruppe des Heimatverein Bersenbr\\u00fcck e.V. in der Feldm\\u00fchle&lt;\/p&gt;\\\\n\",\"image\":\"https:\/\/heimatvereinbersenbrueck.de\/wordpress\/wp-content\/uploads\/2025\/12\/Plattdeutsch-am-Kamin-im-Heimathaus-Feldmuehle.jpg\",\"url\":\"https:\/\/heimatvereinbersenbrueck.de\/wordpress\/termin\/treffen-der-plattdeutsch-gruppe-des-heimatverein-bersenbrueck-e-v-in-der-feldmuehle-4\/\",\"eventAttendanceMode\":\"https:\/\/schema.org\/OfflineEventAttendanceMode\",\"eventStatus\":\"https:\/\/schema.org\/EventScheduled\",\"startDate\":\"2026-05-04T19:00:00+02:00\",\"endDate\":\"2026-05-04T21:00:00+02:00\",\"location\":{\"@type\":\"Place\",\"name\":\"Heimathaus des Heimatverein Bersenbr\\u00fcck\",\"description\":\"&lt;p&gt;Heimathaus des Heimatverein Bersenbr\\u00fcck&lt;\/p&gt;\\\\n\",\"image\":\"https:\/\/heimatvereinbersenbrueck.de\/wordpress\/wp-content\/uploads\/2023\/05\/Logo-Holzoptik-Heimatverein-Bersenbrueck-.jpg\",\"url\":\"\",\"address\":{\"@type\":\"PostalAddress\",\"streetAddress\":\"HW6V+675\",\"addressLocality\":\"Bersenbr\\u00fcck\",\"postalCode\":\"49593\",\"addressCountry\":\"Deutschland\"},\"telephone\":\"\",\"sameAs\":\"\"},\"organizer\":{\"@type\":\"Person\",\"name\":\"Heimatverein Bersenbr\\u00fcck\",\"description\":\"\",\"url\":\"https:\/\/heimatvereinbersenbrueck.de\/wordpress\/\",\"telephone\":\"+49 5439 1241\",\"email\":\"&#105;&#110;&#102;&#111;&#64;&#104;&#118;&#45;bs&#98;&#46;de\",\"sameAs\":\"https:\/\/heimatvereinbersenbrueck.de\/wordpress\/\"},\"performer\":\"Organization\"},{\"@context\":\"http:\/\/schema.org\",\"@type\":\"Event\",\"name\":\"\\u00dcbungsabend unserer Singgruppe 08.05.26 Uhr ab 19.00 Uhr im B\\u00fcrgertreff \\u2013 BSB \\u2013 Bramscher Str. 7\",\"description\":\"&lt;p&gt;8 \\u00dcbungsabend unserer Singgruppe 08.05.26 Uhr ab 19.00 Uhr im B\\u00fcrgertreff \\u2013 BSB \\u2013 Bramscher Str. 7&lt;\/p&gt;\\\\n\",\"image\":\"https:\/\/heimatvereinbersenbrueck.de\/wordpress\/wp-content\/uploads\/2025\/09\/Singgruppe-Terminbild-ohne-Datum-.jpg\",\"url\":\"https:\/\/heimatvereinbersenbrueck.de\/wordpress\/termin\/uebungsabend-unserer-singgruppe-08-05-26-uhr-ab-19-00-uhr-im-buergertreff-bsb-bramscher-str-7\/\",\"eventAttendanceMode\":\"https:\/\/schema.org\/OfflineEventAttendanceMode\",\"eventStatus\":\"https:\/\/schema.org\/EventScheduled\",\"startDate\":\"2026-05-08T19:00:00+02:00\",\"endDate\":\"2026-05-08T21:00:00+02:00\",\"location\":{\"@type\":\"Place\",\"name\":\"B\\u00fcrgertreff Bersenbr\\u00fcck\",\"description\":\"\",\"url\":\"\",\"address\":{\"@type\":\"PostalAddress\",\"streetAddress\":\"Bramscher Str. 7\",\"addressLocality\":\"Bersenbr\\u00fcck\",\"addressRegion\":\"Niedersachsen\",\"postalCode\":\"49593\",\"addressCountry\":\"Germany\"},\"telephone\":\"\",\"sameAs\":\"\"},\"organizer\":{\"@type\":\"Person\",\"name\":\"Singgruppe des Heimatverein Bersenbr\\u00fcck\",\"description\":\"\",\"url\":\"\",\"telephone\":\"\",\"email\":\"\",\"sameAs\":\"\"},\"performer\":\"Organization\"},{\"@context\":\"http:\/\/schema.org\",\"@type\":\"Event\",\"name\":\"Radwanderung des Heimatverein Bersenbr\\u00fcck e.V. Dienstag\\u00a012.05.2026\",\"description\":\"&lt;p&gt;Radwanderung des Heimatverein Bersenbr\\u00fcck \\u00a015.04\\u201312.05.\\u201317.06.\\u201315.07.-12.08.- 09.09.an jedem 2ten Dienstag oder Mittwoch im Monat Treffpunkt: Heimathaus Feldm\\u00fchle Abfahrt 14.00 Uhr&lt;\/p&gt;\\\\n\",\"image\":\"https:\/\/heimatvereinbersenbrueck.de\/wordpress\/wp-content\/uploads\/2025\/09\/HVB-Logo-Radwandergruppe.jpg\",\"url\":\"https:\/\/heimatvereinbersenbrueck.de\/wordpress\/termin\/radwanderung-12-05-17-06-15-07-12-08-09-09-an-jedem-2ten-dienstag-oder-mittwoch-im-monat\/\",\"eventAttendanceMode\":\"https:\/\/schema.org\/OfflineEventAttendanceMode\",\"eventStatus\":\"https:\/\/schema.org\/EventScheduled\",\"startDate\":\"2026-05-12T14:00:00+02:00\",\"endDate\":\"2026-05-12T18:00:00+02:00\",\"location\":{\"@type\":\"Place\",\"name\":\"Heimathaus des Heimatverein Bersenbr\\u00fcck\",\"description\":\"&lt;p&gt;Heimathaus des Heimatverein Bersenbr\\u00fcck&lt;\/p&gt;\\\\n\",\"image\":\"https:\/\/heimatvereinbersenbrueck.de\/wordpress\/wp-content\/uploads\/2023\/05\/Logo-Holzoptik-Heimatverein-Bersenbrueck-.jpg\",\"url\":\"\",\"address\":{\"@type\":\"PostalAddress\",\"streetAddress\":\"HW6V+675\",\"addressLocality\":\"Bersenbr\\u00fcck\",\"postalCode\":\"49593\",\"addressCountry\":\"Deutschland\"},\"telephone\":\"\",\"sameAs\":\"\"},\"organizer\":{\"@type\":\"Person\",\"name\":\"Radwanderwart Heimatverein Bersenbr\\u00fcck e.V.\",\"description\":\"&lt;p&gt;Kontakt: Reinhard P\\u00f6ttker reinhard@hv-bsb.de&lt;\/p&gt;\\\\n\",\"image\":\"https:\/\/heimatvereinbersenbrueck.de\/wordpress\/wp-content\/uploads\/2025\/09\/HVB-Logo-Radwandergruppe.jpg\",\"url\":\"https:\/\/heimatvereinbersenbrueck.de\",\"telephone\":\"\",\"email\":\"&#114;einh&#97;&#114;&#100;&#64;&#104;&#118;&#45;&#98;s&#98;&#46;&#100;e\",\"sameAs\":\"https:\/\/heimatvereinbersenbrueck.de\"},\"performer\":\"Organization\"},{\"@context\":\"http:\/\/schema.org\",\"@type\":\"Event\",\"name\":\"KHBB &#8211; Tag des Wanderns  &#8211; 14.05.2026 &#8211; weitere Informationen folgen!\",\"description\":\"&lt;p&gt;KHBB - Tag des Wanderns - 14.05.2026 - weitere Informationen folgen!&lt;\/p&gt;\\\\n\",\"image\":\"https:\/\/heimatvereinbersenbrueck.de\/wordpress\/wp-content\/uploads\/2023\/05\/Logo-SchriftzKHBB-jpg-1920w.webp\",\"url\":\"https:\/\/heimatvereinbersenbrueck.de\/wordpress\/termin\/khbb-tag-des-wanderns-14-05-2026-weitere-informationen-folgen\/\",\"eventAttendanceMode\":\"https:\/\/schema.org\/OfflineEventAttendanceMode\",\"eventStatus\":\"https:\/\/schema.org\/EventScheduled\",\"startDate\":\"2026-05-14T00:01:00+02:00\",\"endDate\":\"2026-05-14T23:59:00+02:00\",\"organizer\":{\"@type\":\"Person\",\"name\":\"Kreisheimatbund &#8211; KHBB &#8211; Bersenbr\\u00fcck\",\"description\":\"\",\"url\":\"\",\"telephone\":\"\",\"email\":\"\",\"sameAs\":\"\"},\"performer\":\"Organization\"},{\"@context\":\"http:\/\/schema.org\",\"@type\":\"Event\",\"name\":\"Intern &#8211; f\\u00fcr geladene G\\u00e4ste &#8211;\",\"description\":\"&lt;p&gt;M\\u00fchlenfr\\u00fchshoppen f\\u00fcr die F\\u00f6rderer des Wasserrades&lt;\/p&gt;\\\\n\",\"url\":\"https:\/\/heimatvereinbersenbrueck.de\/wordpress\/termin\/intern-fuer-geladene-gaeste\/\",\"eventAttendanceMode\":\"https:\/\/schema.org\/OfflineEventAttendanceMode\",\"eventStatus\":\"https:\/\/schema.org\/EventScheduled\",\"startDate\":\"2026-05-22T00:30:00+02:00\",\"endDate\":\"2026-05-22T01:00:00+02:00\",\"location\":{\"@type\":\"Place\",\"name\":\"Heimathaus des Heimatverein Bersenbr\\u00fcck\",\"description\":\"&lt;p&gt;Heimathaus des Heimatverein Bersenbr\\u00fcck&lt;\/p&gt;\\\\n\",\"image\":\"https:\/\/heimatvereinbersenbrueck.de\/wordpress\/wp-content\/uploads\/2023\/05\/Logo-Holzoptik-Heimatverein-Bersenbrueck-.jpg\",\"url\":\"\",\"address\":{\"@type\":\"PostalAddress\",\"streetAddress\":\"HW6V+675\",\"addressLocality\":\"Bersenbr\\u00fcck\",\"postalCode\":\"49593\",\"addressCountry\":\"Deutschland\"},\"telephone\":\"\",\"sameAs\":\"\"},\"organizer\":{\"@type\":\"Person\",\"name\":\"Heimatverein Bersenbr\\u00fcck\",\"description\":\"\",\"url\":\"https:\/\/heimatvereinbersenbrueck.de\/wordpress\/\",\"telephone\":\"+49 5439 1241\",\"email\":\"&#105;&#110;f&#111;&#64;&#104;v-bsb&#46;&#100;&#101;\",\"sameAs\":\"https:\/\/heimatvereinbersenbrueck.de\/wordpress\/\"},\"performer\":\"Organization\"},{\"@context\":\"http:\/\/schema.org\",\"@type\":\"Event\",\"name\":\"\\u00dcbungsabend unserer Singgruppe 22.05.26 Uhr ab 19.00 Uhr im B\\u00fcrgertreff \\u2013 BSB \\u2013 Bramscher Str. 7\",\"description\":\"&lt;p&gt;\\u00dcbungsabend unserer Singgruppe 22.05.26 Uhr ab 19.00 Uhr im B\\u00fcrgertreff \\u2013 BSB \\u2013 Bramscher Str. 7&lt;\/p&gt;\\\\n\",\"image\":\"https:\/\/heimatvereinbersenbrueck.de\/wordpress\/wp-content\/uploads\/2025\/09\/Singgruppe-Terminbild-ohne-Datum-.jpg\",\"url\":\"https:\/\/heimatvereinbersenbrueck.de\/wordpress\/termin\/uebungsabend-unserer-singgruppe-22-05-26-uhr-ab-19-00-uhr-im-buergertreff-bsb-bramscher-str-7\/\",\"eventAttendanceMode\":\"https:\/\/schema.org\/OfflineEventAttendanceMode\",\"eventStatus\":\"https:\/\/schema.org\/EventScheduled\",\"startDate\":\"2026-05-22T19:00:00+02:00\",\"endDate\":\"2026-05-22T21:00:00+02:00\",\"location\":{\"@type\":\"Place\",\"name\":\"B\\u00fcrgertreff Bersenbr\\u00fcck\",\"description\":\"\",\"url\":\"\",\"address\":{\"@type\":\"PostalAddress\",\"streetAddress\":\"Bramscher Str. 7\",\"addressLocality\":\"Bersenbr\\u00fcck\",\"addressRegion\":\"Niedersachsen\",\"postalCode\":\"49593\",\"addressCountry\":\"Germany\"},\"telephone\":\"\",\"sameAs\":\"\"},\"organizer\":{\"@type\":\"Person\",\"name\":\"Singgruppe des Heimatverein Bersenbr\\u00fcck\",\"description\":\"\",\"url\":\"\",\"telephone\":\"\",\"email\":\"\",\"sameAs\":\"\"},\"performer\":\"Organization\"},{\"@context\":\"http:\/\/schema.org\",\"@type\":\"Event\",\"name\":\"Pfingstmontag \\u2013 M\\u00fchlentag im Heimathaus 25. Mai 2026\",\"description\":\"&lt;p&gt;Pfingstmontag \\u2013 M\\u00fchlentag im Heimathaus 25. Mai 2026&lt;\/p&gt;\\\\n\",\"image\":\"https:\/\/heimatvereinbersenbrueck.de\/wordpress\/wp-content\/uploads\/2024\/05\/Muehlentag-2024_Beitragsbild-.jpg\",\"url\":\"https:\/\/heimatvereinbersenbrueck.de\/wordpress\/termin\/pfingstmontag-muehlentag-im-heimathaus-25-mai-2026\/\",\"eventAttendanceMode\":\"https:\/\/schema.org\/OfflineEventAttendanceMode\",\"eventStatus\":\"https:\/\/schema.org\/EventScheduled\",\"startDate\":\"2026-05-25T14:00:00+02:00\",\"endDate\":\"2026-05-25T20:00:00+02:00\",\"performer\":\"Organization\"}]\r\n<\/script>\n\t\t\t<script data-js=\"tribe-events-view-data\" type=\"application\/json\">\n\t{\"slug\":\"widget-events-list\",\"prev_url\":\"\",\"next_url\":\"https:\\\/\\\/heimatvereinbersenbrueck.de\\\/wordpress\\\/?post_type=tribe_events&eventDisplay=widget-events-list&paged=2\",\"view_class\":\"Tribe\\\\Events\\\\Views\\\\V2\\\\Views\\\\Widgets\\\\Widget_List_View\",\"view_slug\":\"widget-events-list\",\"view_label\":\"View\",\"view\":null,\"should_manage_url\":true,\"id\":null,\"alias-slugs\":null,\"title\":\"Veranstaltungen von Mai 2 \\u2013 Mai 25 \\u2013 Heimatverein Bersenbr\\u00fcck e.V.\",\"limit\":\"7\",\"no_upcoming_events\":false,\"featured_events_only\":false,\"jsonld_enable\":true,\"tribe_is_list_widget\":false,\"admin_fields\":{\"title\":{\"label\":\"Titel:\",\"type\":\"text\",\"parent_classes\":\"\",\"classes\":\"\",\"dependency\":\"\",\"id\":\"widget-tribe-widget-events-list--1-title\",\"name\":\"widget-tribe-widget-events-list[-1][title]\",\"options\":[],\"placeholder\":\"\",\"value\":null},\"limit\":{\"label\":\"Anzeige:\",\"type\":\"number\",\"default\":5,\"min\":1,\"max\":10,\"step\":1,\"parent_classes\":\"\",\"classes\":\"\",\"dependency\":\"\",\"id\":\"widget-tribe-widget-events-list--1-limit\",\"name\":\"widget-tribe-widget-events-list[-1][limit]\",\"options\":[],\"placeholder\":\"\",\"value\":null},\"no_upcoming_events\":{\"label\":\"Blende dieses Widget aus, wenn es keine bevorstehenden Veranstaltungen gibt.\",\"type\":\"checkbox\",\"parent_classes\":\"\",\"classes\":\"\",\"dependency\":\"\",\"id\":\"widget-tribe-widget-events-list--1-no_upcoming_events\",\"name\":\"widget-tribe-widget-events-list[-1][no_upcoming_events]\",\"options\":[],\"placeholder\":\"\",\"value\":null},\"featured_events_only\":{\"label\":\"Nur auf hervorgehobene Veranstaltungen beschr\\u00e4nken\",\"type\":\"checkbox\",\"parent_classes\":\"\",\"classes\":\"\",\"dependency\":\"\",\"id\":\"widget-tribe-widget-events-list--1-featured_events_only\",\"name\":\"widget-tribe-widget-events-list[-1][featured_events_only]\",\"options\":[],\"placeholder\":\"\",\"value\":null},\"jsonld_enable\":{\"label\":\"JSON-LD-Daten generieren\",\"type\":\"checkbox\",\"parent_classes\":\"\",\"classes\":\"\",\"dependency\":\"\",\"id\":\"widget-tribe-widget-events-list--1-jsonld_enable\",\"name\":\"widget-tribe-widget-events-list[-1][jsonld_enable]\",\"options\":[],\"placeholder\":\"\",\"value\":null}},\"events\":[4661,4744,4310,4359,4827,4749,4370],\"url\":\"https:\\\/\\\/heimatvereinbersenbrueck.de\\\/wordpress\\\/?post_type=tribe_events&eventDisplay=widget-events-list\",\"url_event_date\":false,\"bar\":{\"keyword\":\"\",\"date\":\"\"},\"today\":\"2026-05-02 00:00:00\",\"now\":\"2026-05-02 14:02:42\",\"home_url\":\"https:\\\/\\\/heimatvereinbersenbrueck.de\\\/wordpress\",\"rest_url\":\"https:\\\/\\\/heimatvereinbersenbrueck.de\\\/wordpress\\\/wp-json\\\/tribe\\\/views\\\/v2\\\/html\",\"rest_method\":\"GET\",\"rest_nonce\":\"\",\"today_url\":\"https:\\\/\\\/heimatvereinbersenbrueck.de\\\/wordpress\\\/?post_type=tribe_events&eventDisplay=widget-events-list&rest_route=%2Fwp%2Fv2%2Fpages%2F2960\",\"today_title\":\"Klicke, um das heutige Datum auszuw\\u00e4hlen\",\"today_label\":\"Heute\",\"prev_label\":\"\",\"next_label\":\"\",\"date_formats\":{\"compact\":\"n\\\/j\\\/Y\",\"month_and_year_compact\":\"n\\\/Y\",\"month_and_year\":\"F Y\",\"time_range_separator\":\" - \",\"date_time_separator\":\" @ \"},\"messages\":[],\"start_of_week\":\"1\",\"header_title\":\"\",\"header_title_element\":\"h1\",\"content_title\":\"\",\"show_content_title\":false,\"breadcrumbs\":[],\"backlink\":false,\"before_events\":\"<p><a href=\\\"https:\\\/\\\/heimatvereinbersenbrueck.de\\\/wordpress\\\/wp-content\\\/uploads\\\/2024\\\/05\\\/cropped-HVB-2400-1200-x-400-px-Final-1-1.jpg\\\"><img class=\\\"alignnone size-medium wp-image-2531\\\" src=\\\"https:\\\/\\\/heimatvereinbersenbrueck.de\\\/wordpress\\\/wp-content\\\/uploads\\\/2024\\\/05\\\/cropped-HVB-2400-1200-x-400-px-Final-1-1-620x126.jpg\\\" alt=\\\"\\\" width=\\\"620\\\" height=\\\"126\\\" \\\/><\\\/a><\\\/p>\\n<p>Unsere Termine f\\u00fcr 2026 sind noch im Entwurfsstatus &#8211; \\u00c4nderungen und Verschiebungen sich aktuell bis zum Jahresende noch m\\u00f6glich.<\\\/p>\\n<p>Nachstehend eine Liste mit Kategorien ( um den Kalender &#8211; nach Themen zu sortieren. )<\\\/p>\\n<p><a href=\\\"https:\\\/\\\/heimatvereinbersenbrueck.de\\\/wordpress\\\/events\\\/schlagwort\\\/khbb\\\/\\\">Thema: KHBB &#8211; Kreisheimatbund Bersenbrueck e.V.<\\\/a><\\\/p>\\n<p>Thema: Heimatverein Bersenbrueck e.V.<\\\/p>\\n<p><a href=\\\"https:\\\/\\\/heimatvereinbersenbrueck.de\\\/wordpress\\\/events\\\/schlagwort\\\/radwanderung\\\/\\\">Thema: Radwanderungen<\\\/a><\\\/p>\\n\",\"after_events\":\"<h6>aktuelle Meldungen zu den Veranstaltungen gibt&#8217;s auch in der WhatsApp-Gruppe Info Point BSB, in der Tageszeitung, im Aushangkasten an der Klosterpforte\\u00a0 und im 1\\\/4 j\\u00e4hrlichen Mitteilungsblatt des Heimatsverein Bersenbr\\u00fcck e.V. erh\\u00e4ltlich\\u00a0 im localen Einzelhandel und der Kreissparkasse Bersenbr\\u00fcck.<\\\/h6>\\n\\n<!--\\nThis calendar is powered by The Events Calendar.\\nhttp:\\\/\\\/evnt.is\\\/18wn\\n-->\\n\",\"display_events_bar\":false,\"disable_event_search\":false,\"live_refresh\":true,\"ical\":{\"display_link\":true,\"link\":{\"url\":\"https:\\\/\\\/heimatvereinbersenbrueck.de\\\/wordpress\\\/?post_type=tribe_events&#038;eventDisplay=widget-events-list&#038;ical=1\",\"text\":\"Veranstaltungen als iCal exportieren\",\"title\":\"Diese Funktion verwenden, um Kalenderdaten mit Google Kalender, Apple iCal und kompatiblen Apps zu teilen\"}},\"container_classes\":[\"tribe-common\",\"tribe-events\",\"tribe-events-view\",\"tribe-events-view--widget-events-list\",\"tribe-events-widget\"],\"container_data\":[],\"is_past\":false,\"breakpoints\":{\"xsmall\":500,\"medium\":768,\"full\":960},\"breakpoint_pointer\":\"66c478fb-adcf-4b9e-b2e0-016b65db41de\",\"is_initial_load\":false,\"public_views\":{\"list\":{\"view_class\":\"Tribe\\\\Events\\\\Views\\\\V2\\\\Views\\\\List_View\",\"view_url\":\"https:\\\/\\\/heimatvereinbersenbrueck.de\\\/wordpress\\\/events\\\/liste\\\/\",\"view_label\":\"Liste\",\"aria_label\":\"Zeige Veranstaltungen in der Liste Ansicht\"},\"month\":{\"view_class\":\"Tribe\\\\Events\\\\Views\\\\V2\\\\Views\\\\Month_View\",\"view_url\":\"https:\\\/\\\/heimatvereinbersenbrueck.de\\\/wordpress\\\/events\\\/monat\\\/\",\"view_label\":\"Monat\",\"aria_label\":\"Zeige Veranstaltungen in der Monat Ansicht\"},\"day\":{\"view_class\":\"Tribe\\\\Events\\\\Views\\\\V2\\\\Views\\\\Day_View\",\"view_url\":\"https:\\\/\\\/heimatvereinbersenbrueck.de\\\/wordpress\\\/events\\\/heute\\\/\",\"view_label\":\"Tag\",\"aria_label\":\"Zeige Veranstaltungen in der Tag Ansicht\"}},\"show_latest_past\":false,\"past\":false,\"compatibility_classes\":[\"tribe-compatibility-container\"],\"view_more_text\":\"Kalender anzeigen\",\"view_more_title\":\"Weitere Veranstaltungen anzeigen.\",\"view_more_link\":\"https:\\\/\\\/heimatvereinbersenbrueck.de\\\/wordpress\\\/events\\\/\",\"widget_title\":\"Anstehende Veranstaltungen\",\"hide_if_no_upcoming_events\":false,\"display\":[],\"subscribe_links\":{\"gcal\":{\"label\":\"Google Kalender\",\"single_label\":\"Zu Google Kalender hinzuf\\u00fcgen\",\"visible\":true,\"block_slug\":\"hasGoogleCalendar\"},\"ical\":{\"label\":\"iCalendar\",\"single_label\":\"Zu iCalendar hinzuf\\u00fcgen\",\"visible\":true,\"block_slug\":\"hasiCal\"},\"outlook-365\":{\"label\":\"Outlook 365\",\"single_label\":\"Outlook 365\",\"visible\":true,\"block_slug\":\"hasOutlook365\"},\"outlook-live\":{\"label\":\"Outlook Live\",\"single_label\":\"Outlook Live\",\"visible\":true,\"block_slug\":\"hasOutlookLive\"},\"ics\":{\"label\":\".ics-Datei exportieren\",\"single_label\":\".ics-Datei exportieren\",\"visible\":true,\"block_slug\":null},\"outlook-ics\":{\"label\":\"Exportiere Outlook .ics Datei\",\"single_label\":\"Exportiere Outlook .ics Datei\",\"visible\":true,\"block_slug\":null}},\"_context\":{\"slug\":\"widget-events-list\"}}<\/script>\n\n\t\t\t\t\t\t\t<header class=\"tribe-events-widget-events-list__header\">\n\t\t\t\t\t<h2 class=\"tribe-events-widget-events-list__header-title tribe-common-h6 tribe-common-h--alt\">\n\t\t\t\t\t\tAnstehende Veranstaltungen\t\t\t\t\t<\/h2>\n\t\t\t\t<\/header>\n\t\t\t\n\t\t\t\n\t\t\t\t<div class=\"tribe-events-widget-events-list__events\">\n\t\t\t\t\t\t\t\t\t\t\t<div  class=\"tribe-common-g-row tribe-events-widget-events-list__event-row\" >\n\n\t<div class=\"tribe-events-widget-events-list__event-date-tag tribe-common-g-col\">\n\t<time class=\"tribe-events-widget-events-list__event-date-tag-datetime\" datetime=\"2026-05-04\">\n\t\t<span class=\"tribe-events-widget-events-list__event-date-tag-month\">\n\t\t\tMai\t\t<\/span>\n\t\t<span class=\"tribe-events-widget-events-list__event-date-tag-daynum tribe-common-h2 tribe-common-h4--min-medium\">\n\t\t\t4\t\t<\/span>\n\t<\/time>\n<\/div>\n\n\t<div class=\"tribe-events-widget-events-list__event-wrapper tribe-common-g-col\">\n\t\t<article  class=\"tribe-events-widget-events-list__event post-4661 tribe_events type-tribe_events status-publish has-post-thumbnail hentry tag-plattdeutsch-gruppe tribe_events_cat-plattdeutsche-gruppe-des-heimatverein-bersenbrueck\" >\n\t\t\t<div class=\"tribe-events-widget-events-list__event-details\">\n\n\t\t\t\t<header class=\"tribe-events-widget-events-list__event-header\">\n\t\t\t\t\t<div class=\"tribe-events-widget-events-list__event-datetime-wrapper tribe-common-b2 tribe-common-b3--min-medium\">\n\t\t<time class=\"tribe-events-widget-events-list__event-datetime\" datetime=\"2026-05-04\">\n\t\t<span class=\"tribe-event-date-start\">19:00<\/span> &#8211; <span class=\"tribe-event-time\">21:00<\/span>\t<\/time>\n\t<\/div>\n\t\t\t\t\t<h3 class=\"tribe-events-widget-events-list__event-title tribe-common-h7\">\n\t<a\n\t\thref=\"https:\/\/heimatvereinbersenbrueck.de\/wordpress\/termin\/treffen-der-plattdeutsch-gruppe-des-heimatverein-bersenbrueck-e-v-in-der-feldmuehle-4\/\"\n\t\ttitle=\"Treffen der Plattdeutsch Gruppe des Heimatverein Bersenbr\u00fcck e.V. in der Feldm\u00fchle\"\n\t\trel=\"bookmark\"\n\t\tclass=\"tribe-events-widget-events-list__event-title-link tribe-common-anchor-thin\"\n\t>\n\t\tTreffen der Plattdeutsch Gruppe des Heimatverein Bersenbr\u00fcck e.V. in der Feldm\u00fchle\t<\/a>\n<\/h3>\n\t\t\t\t<\/header>\n\n\t\t\t\t\n\t\t\t<\/div>\n\t\t<\/article>\n\t<\/div>\n\n<\/div>\n\t\t\t\t\t\t\t\t\t\t\t<div  class=\"tribe-common-g-row tribe-events-widget-events-list__event-row\" >\n\n\t<div class=\"tribe-events-widget-events-list__event-date-tag tribe-common-g-col\">\n\t<time class=\"tribe-events-widget-events-list__event-date-tag-datetime\" datetime=\"2026-05-08\">\n\t\t<span class=\"tribe-events-widget-events-list__event-date-tag-month\">\n\t\t\tMai\t\t<\/span>\n\t\t<span class=\"tribe-events-widget-events-list__event-date-tag-daynum tribe-common-h2 tribe-common-h4--min-medium\">\n\t\t\t8\t\t<\/span>\n\t<\/time>\n<\/div>\n\n\t<div class=\"tribe-events-widget-events-list__event-wrapper tribe-common-g-col\">\n\t\t<article  class=\"tribe-events-widget-events-list__event post-4744 tribe_events type-tribe_events status-publish has-post-thumbnail hentry tag-hvb-singgruppe tribe_events_cat-singgruppe-hvb\" >\n\t\t\t<div class=\"tribe-events-widget-events-list__event-details\">\n\n\t\t\t\t<header class=\"tribe-events-widget-events-list__event-header\">\n\t\t\t\t\t<div class=\"tribe-events-widget-events-list__event-datetime-wrapper tribe-common-b2 tribe-common-b3--min-medium\">\n\t\t<time class=\"tribe-events-widget-events-list__event-datetime\" datetime=\"2026-05-08\">\n\t\t<span class=\"tribe-event-date-start\">19:00<\/span> &#8211; <span class=\"tribe-event-time\">21:00<\/span>\t<\/time>\n\t<\/div>\n\t\t\t\t\t<h3 class=\"tribe-events-widget-events-list__event-title tribe-common-h7\">\n\t<a\n\t\thref=\"https:\/\/heimatvereinbersenbrueck.de\/wordpress\/termin\/uebungsabend-unserer-singgruppe-08-05-26-uhr-ab-19-00-uhr-im-buergertreff-bsb-bramscher-str-7\/\"\n\t\ttitle=\"\u00dcbungsabend unserer Singgruppe 08.05.26 Uhr ab 19.00 Uhr im B\u00fcrgertreff \u2013 BSB \u2013 Bramscher Str. 7\"\n\t\trel=\"bookmark\"\n\t\tclass=\"tribe-events-widget-events-list__event-title-link tribe-common-anchor-thin\"\n\t>\n\t\t\u00dcbungsabend unserer Singgruppe 08.05.26 Uhr ab 19.00 Uhr im B\u00fcrgertreff \u2013 BSB \u2013 Bramscher Str. 7\t<\/a>\n<\/h3>\n\t\t\t\t<\/header>\n\n\t\t\t\t\n\t\t\t<\/div>\n\t\t<\/article>\n\t<\/div>\n\n<\/div>\n\t\t\t\t\t\t\t\t\t\t\t<div  class=\"tribe-common-g-row tribe-events-widget-events-list__event-row\" >\n\n\t<div class=\"tribe-events-widget-events-list__event-date-tag tribe-common-g-col\">\n\t<time class=\"tribe-events-widget-events-list__event-date-tag-datetime\" datetime=\"2026-05-12\">\n\t\t<span class=\"tribe-events-widget-events-list__event-date-tag-month\">\n\t\t\tMai\t\t<\/span>\n\t\t<span class=\"tribe-events-widget-events-list__event-date-tag-daynum tribe-common-h2 tribe-common-h4--min-medium\">\n\t\t\t12\t\t<\/span>\n\t<\/time>\n<\/div>\n\n\t<div class=\"tribe-events-widget-events-list__event-wrapper tribe-common-g-col\">\n\t\t<article  class=\"tribe-events-widget-events-list__event post-4310 tribe_events type-tribe_events status-publish has-post-thumbnail hentry tag-radwanderung tribe_events_cat-radwanderung-des-heimatvereins-bersenbrueck-e-v\" >\n\t\t\t<div class=\"tribe-events-widget-events-list__event-details\">\n\n\t\t\t\t<header class=\"tribe-events-widget-events-list__event-header\">\n\t\t\t\t\t<div class=\"tribe-events-widget-events-list__event-datetime-wrapper tribe-common-b2 tribe-common-b3--min-medium\">\n\t\t<time class=\"tribe-events-widget-events-list__event-datetime\" datetime=\"2026-05-12\">\n\t\t<span class=\"tribe-event-date-start\">14:00<\/span> &#8211; <span class=\"tribe-event-time\">18:00<\/span>\t<\/time>\n\t<\/div>\n\t\t\t\t\t<h3 class=\"tribe-events-widget-events-list__event-title tribe-common-h7\">\n\t<a\n\t\thref=\"https:\/\/heimatvereinbersenbrueck.de\/wordpress\/termin\/radwanderung-12-05-17-06-15-07-12-08-09-09-an-jedem-2ten-dienstag-oder-mittwoch-im-monat\/\"\n\t\ttitle=\"Radwanderung des Heimatverein Bersenbr\u00fcck e.V. Dienstag\u00a012.05.2026\"\n\t\trel=\"bookmark\"\n\t\tclass=\"tribe-events-widget-events-list__event-title-link tribe-common-anchor-thin\"\n\t>\n\t\tRadwanderung des Heimatverein Bersenbr\u00fcck e.V. Dienstag\u00a012.05.2026\t<\/a>\n<\/h3>\n\t\t\t\t<\/header>\n\n\t\t\t\t\n\t\t\t<\/div>\n\t\t<\/article>\n\t<\/div>\n\n<\/div>\n\t\t\t\t\t\t\t\t\t\t\t<div  class=\"tribe-common-g-row tribe-events-widget-events-list__event-row\" >\n\n\t<div class=\"tribe-events-widget-events-list__event-date-tag tribe-common-g-col\">\n\t<time class=\"tribe-events-widget-events-list__event-date-tag-datetime\" datetime=\"2026-05-14\">\n\t\t<span class=\"tribe-events-widget-events-list__event-date-tag-month\">\n\t\t\tMai\t\t<\/span>\n\t\t<span class=\"tribe-events-widget-events-list__event-date-tag-daynum tribe-common-h2 tribe-common-h4--min-medium\">\n\t\t\t14\t\t<\/span>\n\t<\/time>\n<\/div>\n\n\t<div class=\"tribe-events-widget-events-list__event-wrapper tribe-common-g-col\">\n\t\t<article  class=\"tribe-events-widget-events-list__event post-4359 tribe_events type-tribe_events status-publish has-post-thumbnail hentry tag-khbb tribe_events_cat-fusswanderungen tribe_events_cat-heimatverein-bersenbrueck\" >\n\t\t\t<div class=\"tribe-events-widget-events-list__event-details\">\n\n\t\t\t\t<header class=\"tribe-events-widget-events-list__event-header\">\n\t\t\t\t\t<div class=\"tribe-events-widget-events-list__event-datetime-wrapper tribe-common-b2 tribe-common-b3--min-medium\">\n\t\t<time class=\"tribe-events-widget-events-list__event-datetime\" datetime=\"2026-05-14\">\n\t\t<span class=\"tribe-event-date-start\">00:01<\/span> &#8211; <span class=\"tribe-event-time\">23:59<\/span>\t<\/time>\n\t<\/div>\n\t\t\t\t\t<h3 class=\"tribe-events-widget-events-list__event-title tribe-common-h7\">\n\t<a\n\t\thref=\"https:\/\/heimatvereinbersenbrueck.de\/wordpress\/termin\/khbb-tag-des-wanderns-14-05-2026-weitere-informationen-folgen\/\"\n\t\ttitle=\"KHBB &#8211; Tag des Wanderns  &#8211; 14.05.2026 &#8211; weitere Informationen folgen!\"\n\t\trel=\"bookmark\"\n\t\tclass=\"tribe-events-widget-events-list__event-title-link tribe-common-anchor-thin\"\n\t>\n\t\tKHBB &#8211; Tag des Wanderns  &#8211; 14.05.2026 &#8211; weitere Informationen folgen!\t<\/a>\n<\/h3>\n\t\t\t\t<\/header>\n\n\t\t\t\t\n\t\t\t<\/div>\n\t\t<\/article>\n\t<\/div>\n\n<\/div>\n\t\t\t\t\t\t\t\t\t\t\t<div  class=\"tribe-common-g-row tribe-events-widget-events-list__event-row\" >\n\n\t<div class=\"tribe-events-widget-events-list__event-date-tag tribe-common-g-col\">\n\t<time class=\"tribe-events-widget-events-list__event-date-tag-datetime\" datetime=\"2026-05-22\">\n\t\t<span class=\"tribe-events-widget-events-list__event-date-tag-month\">\n\t\t\tMai\t\t<\/span>\n\t\t<span class=\"tribe-events-widget-events-list__event-date-tag-daynum tribe-common-h2 tribe-common-h4--min-medium\">\n\t\t\t22\t\t<\/span>\n\t<\/time>\n<\/div>\n\n\t<div class=\"tribe-events-widget-events-list__event-wrapper tribe-common-g-col\">\n\t\t<article  class=\"tribe-events-widget-events-list__event post-4827 tribe_events type-tribe_events status-publish hentry tag-vorstandsitzung tribe_events_cat-heimatverein-bersenbrueck\" >\n\t\t\t<div class=\"tribe-events-widget-events-list__event-details\">\n\n\t\t\t\t<header class=\"tribe-events-widget-events-list__event-header\">\n\t\t\t\t\t<div class=\"tribe-events-widget-events-list__event-datetime-wrapper tribe-common-b2 tribe-common-b3--min-medium\">\n\t\t<time class=\"tribe-events-widget-events-list__event-datetime\" datetime=\"2026-05-22\">\n\t\t<span class=\"tribe-event-date-start\">00:30<\/span> &#8211; <span class=\"tribe-event-time\">01:00<\/span>\t<\/time>\n\t<\/div>\n\t\t\t\t\t<h3 class=\"tribe-events-widget-events-list__event-title tribe-common-h7\">\n\t<a\n\t\thref=\"https:\/\/heimatvereinbersenbrueck.de\/wordpress\/termin\/intern-fuer-geladene-gaeste\/\"\n\t\ttitle=\"Intern &#8211; f\u00fcr geladene G\u00e4ste &#8211;\"\n\t\trel=\"bookmark\"\n\t\tclass=\"tribe-events-widget-events-list__event-title-link tribe-common-anchor-thin\"\n\t>\n\t\tIntern &#8211; f\u00fcr geladene G\u00e4ste &#8211;\t<\/a>\n<\/h3>\n\t\t\t\t<\/header>\n\n\t\t\t\t\n\t\t\t<\/div>\n\t\t<\/article>\n\t<\/div>\n\n<\/div>\n\t\t\t\t\t\t\t\t\t\t\t<div  class=\"tribe-common-g-row tribe-events-widget-events-list__event-row\" >\n\n\t<div class=\"tribe-events-widget-events-list__event-date-tag tribe-common-g-col\">\n\t<time class=\"tribe-events-widget-events-list__event-date-tag-datetime\" datetime=\"2026-05-22\">\n\t\t<span class=\"tribe-events-widget-events-list__event-date-tag-month\">\n\t\t\tMai\t\t<\/span>\n\t\t<span class=\"tribe-events-widget-events-list__event-date-tag-daynum tribe-common-h2 tribe-common-h4--min-medium\">\n\t\t\t22\t\t<\/span>\n\t<\/time>\n<\/div>\n\n\t<div class=\"tribe-events-widget-events-list__event-wrapper tribe-common-g-col\">\n\t\t<article  class=\"tribe-events-widget-events-list__event post-4749 tribe_events type-tribe_events status-publish has-post-thumbnail hentry tag-hvb-singgruppe tribe_events_cat-singgruppe-hvb\" >\n\t\t\t<div class=\"tribe-events-widget-events-list__event-details\">\n\n\t\t\t\t<header class=\"tribe-events-widget-events-list__event-header\">\n\t\t\t\t\t<div class=\"tribe-events-widget-events-list__event-datetime-wrapper tribe-common-b2 tribe-common-b3--min-medium\">\n\t\t<time class=\"tribe-events-widget-events-list__event-datetime\" datetime=\"2026-05-22\">\n\t\t<span class=\"tribe-event-date-start\">19:00<\/span> &#8211; <span class=\"tribe-event-time\">21:00<\/span>\t<\/time>\n\t<\/div>\n\t\t\t\t\t<h3 class=\"tribe-events-widget-events-list__event-title tribe-common-h7\">\n\t<a\n\t\thref=\"https:\/\/heimatvereinbersenbrueck.de\/wordpress\/termin\/uebungsabend-unserer-singgruppe-22-05-26-uhr-ab-19-00-uhr-im-buergertreff-bsb-bramscher-str-7\/\"\n\t\ttitle=\"\u00dcbungsabend unserer Singgruppe 22.05.26 Uhr ab 19.00 Uhr im B\u00fcrgertreff \u2013 BSB \u2013 Bramscher Str. 7\"\n\t\trel=\"bookmark\"\n\t\tclass=\"tribe-events-widget-events-list__event-title-link tribe-common-anchor-thin\"\n\t>\n\t\t\u00dcbungsabend unserer Singgruppe 22.05.26 Uhr ab 19.00 Uhr im B\u00fcrgertreff \u2013 BSB \u2013 Bramscher Str. 7\t<\/a>\n<\/h3>\n\t\t\t\t<\/header>\n\n\t\t\t\t\n\t\t\t<\/div>\n\t\t<\/article>\n\t<\/div>\n\n<\/div>\n\t\t\t\t\t\t\t\t\t\t\t<div  class=\"tribe-common-g-row tribe-events-widget-events-list__event-row\" >\n\n\t<div class=\"tribe-events-widget-events-list__event-date-tag tribe-common-g-col\">\n\t<time class=\"tribe-events-widget-events-list__event-date-tag-datetime\" datetime=\"2026-05-25\">\n\t\t<span class=\"tribe-events-widget-events-list__event-date-tag-month\">\n\t\t\tMai\t\t<\/span>\n\t\t<span class=\"tribe-events-widget-events-list__event-date-tag-daynum tribe-common-h2 tribe-common-h4--min-medium\">\n\t\t\t25\t\t<\/span>\n\t<\/time>\n<\/div>\n\n\t<div class=\"tribe-events-widget-events-list__event-wrapper tribe-common-g-col\">\n\t\t<article  class=\"tribe-events-widget-events-list__event post-4370 tribe_events type-tribe_events status-publish has-post-thumbnail hentry tag-heimatverein-bersenbrueck tribe_events_cat-heimatverein-bersenbrueck\" >\n\t\t\t<div class=\"tribe-events-widget-events-list__event-details\">\n\n\t\t\t\t<header class=\"tribe-events-widget-events-list__event-header\">\n\t\t\t\t\t<div class=\"tribe-events-widget-events-list__event-datetime-wrapper tribe-common-b2 tribe-common-b3--min-medium\">\n\t\t<time class=\"tribe-events-widget-events-list__event-datetime\" datetime=\"2026-05-25\">\n\t\t<span class=\"tribe-event-date-start\">14:00<\/span> &#8211; <span class=\"tribe-event-time\">20:00<\/span>\t<\/time>\n\t<\/div>\n\t\t\t\t\t<h3 class=\"tribe-events-widget-events-list__event-title tribe-common-h7\">\n\t<a\n\t\thref=\"https:\/\/heimatvereinbersenbrueck.de\/wordpress\/termin\/pfingstmontag-muehlentag-im-heimathaus-25-mai-2026\/\"\n\t\ttitle=\"Pfingstmontag \u2013 M\u00fchlentag im Heimathaus 25. Mai 2026\"\n\t\trel=\"bookmark\"\n\t\tclass=\"tribe-events-widget-events-list__event-title-link tribe-common-anchor-thin\"\n\t>\n\t\tPfingstmontag \u2013 M\u00fchlentag im Heimathaus 25. Mai 2026\t<\/a>\n<\/h3>\n\t\t\t\t<\/header>\n\n\t\t\t\t\n\t\t\t<\/div>\n\t\t<\/article>\n\t<\/div>\n\n<\/div>\n\t\t\t\t\t\t\t\t\t<\/div>\n\n\t\t\t\t<div class=\"tribe-events-widget-events-list__view-more tribe-common-b1 tribe-common-b2--min-medium\">\n\t<a\n\t\thref=\"https:\/\/heimatvereinbersenbrueck.de\/wordpress\/events\/\"\n\t\tclass=\"tribe-events-widget-events-list__view-more-link tribe-common-anchor-thin\"\n\t\ttitle=\"Weitere Veranstaltungen anzeigen.\"\n\t>\n\t\tKalender anzeigen\t<\/a>\n<\/div>\n\n\t\t\t\t\t<\/div>\n\t<\/div>\n<\/div>\n<script data-js='tribe-events-view-nonce-data' type='application\/json'>{\"tvn1\":\"4d360d0525\",\"tvn2\":\"\"}<\/script>\n\n\n\n<div class=\"wp-block-columns is-layout-flex wp-container-core-columns-is-layout-9d6595d7 wp-block-columns-is-layout-flex\">\n<div class=\"wp-block-column is-layout-flow wp-block-column-is-layout-flow\"><\/div>\n\n\n\n<div class=\"wp-block-column is-layout-flow wp-block-column-is-layout-flow\"><\/div>\n\n\n\n<div class=\"wp-block-column is-layout-flow wp-block-column-is-layout-flow\"><\/div>\n<\/div>\n\n\n\n<h2 class=\"wp-block-heading\">Unser <a href=\"https:\/\/heimatvereinbersenbrueck.de\/wordpress\/wp-content\/uploads\/2026\/02\/Nr.-66.pdf\" data-type=\"attachment\" data-id=\"4549\">aktuelles Mitteilungsblatt &gt;&gt;&gt;&gt;klick hier<\/a><\/h2>\n\n\n<a href=\"https:\/\/heimatvereinbersenbrueck.de\/wordpress\/wp-content\/uploads\/2026\/02\/Nr.-66.pdf\" class=\"pdfemb-viewer\" style=\"\" data-width=\"max\" data-height=\"max\" data-toolbar=\"bottom\" data-toolbar-fixed=\"off\">Nr.-66<\/a>\n\n\n<p><\/p>\n","protected":false},"excerpt":{"rendered":"<p>Unsere n\u00e4chsten Veranstaltungen Diesj\u00e4hrige Tagesfahrt des Heimatvereins Bersenbr\u00fcck f\u00fchrt am 20. August in das M\u00fcnsterland mit derStadt Ahaus, dem Schloss Ahaus und der Stadt Gescher Seit einigen Jahren l\u00e4dt der Heimatverein Bersenbr\u00fcck zu einer Tagesfahrt ein. Ziel in diesem Jahr ist am 20. August das westliche M\u00fcnsterland mit der Stadt Ahaus, dem Schloss Ahaus und der Stadt Gescher. Die Abfahrt <a class=\"more-link\" href=\"https:\/\/heimatvereinbersenbrueck.de\/wordpress\/\">&lt;weiterlesen&#8230;<\/a><\/p>\n","protected":false},"author":3,"featured_media":0,"parent":0,"menu_order":0,"comment_status":"closed","ping_status":"closed","template":"","meta":{"pgc_sgb_lightbox_settings":"","_EventAllDay":false,"_EventTimezone":"","_EventStartDate":"","_EventEndDate":"","_EventStartDateUTC":"","_EventEndDateUTC":"","_EventShowMap":false,"_EventShowMapLink":false,"_EventURL":"","_EventCost":"","_EventCostDescription":"","_EventCurrencySymbol":"","_EventCurrencyCode":"","_EventCurrencyPosition":"","_EventDateTimeSeparator":"","_EventTimeRangeSeparator":"","_EventOrganizerID":[],"_EventVenueID":[],"_OrganizerEmail":"","_OrganizerPhone":"","_OrganizerWebsite":"","_VenueAddress":"","_VenueCity":"","_VenueCountry":"","_VenueProvince":"","_VenueState":"","_VenueZip":"","_VenuePhone":"","_VenueURL":"","_VenueStateProvince":"","_VenueLat":"","_VenueLng":"","_VenueShowMap":false,"_VenueShowMapLink":false,"footnotes":""},"class_list":["post-2960","page","type-page","status-publish","hentry"],"_links":{"self":[{"href":"https:\/\/heimatvereinbersenbrueck.de\/wordpress\/wp-json\/wp\/v2\/pages\/2960","targetHints":{"allow":["GET"]}}],"collection":[{"href":"https:\/\/heimatvereinbersenbrueck.de\/wordpress\/wp-json\/wp\/v2\/pages"}],"about":[{"href":"https:\/\/heimatvereinbersenbrueck.de\/wordpress\/wp-json\/wp\/v2\/types\/page"}],"author":[{"embeddable":true,"href":"https:\/\/heimatvereinbersenbrueck.de\/wordpress\/wp-json\/wp\/v2\/users\/3"}],"replies":[{"embeddable":true,"href":"https:\/\/heimatvereinbersenbrueck.de\/wordpress\/wp-json\/wp\/v2\/comments?post=2960"}],"version-history":[{"count":87,"href":"https:\/\/heimatvereinbersenbrueck.de\/wordpress\/wp-json\/wp\/v2\/pages\/2960\/revisions"}],"predecessor-version":[{"id":4887,"href":"https:\/\/heimatvereinbersenbrueck.de\/wordpress\/wp-json\/wp\/v2\/pages\/2960\/revisions\/4887"}],"wp:attachment":[{"href":"https:\/\/heimatvereinbersenbrueck.de\/wordpress\/wp-json\/wp\/v2\/media?parent=2960"}],"curies":[{"name":"wp","href":"https:\/\/api.w.org\/{rel}","templated":true}]}}