{"id":3638,"date":"2025-02-22T09:37:03","date_gmt":"2025-02-22T08:37:03","guid":{"rendered":"https:\/\/heimatvereinbersenbrueck.de\/wordpress\/?page_id=3638"},"modified":"2025-03-06T14:51:32","modified_gmt":"2025-03-06T13:51:32","slug":"vorstellung-der-singgruppe-des-heimatvereins","status":"publish","type":"page","link":"https:\/\/heimatvereinbersenbrueck.de\/wordpress\/arbeitsschwerpunkte-des-heimatvereins-bersenbrueck\/vorstellung-der-singgruppe-des-heimatvereins\/","title":{"rendered":"Vorstellung der Singgruppe des Heimatvereins"},"content":{"rendered":"\n<p class=\"has-text-align-left\" style=\"font-size:14px\">Gesang hat viele positive Eigenschaften.<br>In der Gruppe wird die Gemeinschaft gef\u00f6rdert. <br>Verschiedene Muskelgruppen von Gesicht bis Zwerchfell kommen zum Einsatz. <br>Und nicht zuletzt kann er einen positiven Einfluss auf das Gem\u00fct mit sich bringen.<br><br>Leider wird in der heutigen multimedialen Zeit Musik oftmals beil\u00e4ufig konsumiert und Gelegenheiten f\u00fcr das eigene Singen sind eher sp\u00e4rlich ges\u00e4t.<br><strong>Um hier eine Gelegenheit zu schaffen, hat sich beim Heimatverein Bersenbr\u00fcck eine neue Singgruppe angesiedelt.<\/strong><br><strong>Diese nimmt sich der Tradition des gemeinsamen Singens an. <\/strong> <br><strong>Allerdings mit bunt gemischtem Liedgut von Volkslied, Folk, Spa\u00dfliedern bis zu Schlagern und bekannten Klassikern des letzten Jahrhunderts.<\/strong> <br><strong>Gr\u00f6\u00dftenteils in deutscher Sprache, aber auch ein paar Ausfl\u00fcge ins Englische<\/strong> <strong>sind dabei. <\/strong><br>Aktuell kommen dazu die Liederb\u00fccher &#8222;die Mundorgel&#8220; und &#8222;TONBAND&#8220; zum Einsatz.<br><br>Ein Singabend hat einen \u00e4hnlichen Ablauf wie eine Chorprobe, mit dem Unterschied, <br>dass in der Regel einstimmig gesungen wird. <br>Wie auch im Sport, gibt es zun\u00e4chst eine Aufw\u00e4rmphase mit verschiedenen \u00dcbungen, <br>die f\u00fcr das Singen f\u00f6rderlich sind. Im Anschluss werden verschiedene Lieder gesungen. <br>Sind diese bekannt, werden sie direkt probiert.<br>Andernfalls werden die nicht gel\u00e4ufigen Passagen ge\u00fcbt, um sie dann im Zusammenhang singen zu k\u00f6nnen. <br>So hat man die Gelegenheit, Altbekanntes wiederzuentdecken, aber auch neue Lieder kennenzulernen.<br>Zur Abrundung wird das Ganze mit einer Rhythmusgitarre begleitet.<br><br>Wer etwas aus der \u00dcbung ist, sollte sich deshalb nicht abschrecken lassen.<br>\u00dcbung macht ja bekanntlich den Meister und die Singgruppe bietet zwei Mal im Monat die Gelegenheit dazu. <br>Das Angebot hat grunds\u00e4tzlich keine Altersbeschr\u00e4nkung, allerdings sollten die Liedtexte gut mitgelesen werden k\u00f6nnen.<\/p>\n\n\n\n<figure class=\"wp-block-image size-large\"><a href=\"https:\/\/heimatvereinbersenbrueck.de\/wordpress\/wp-content\/uploads\/2025\/02\/Liedersingen.TH_.jpg\"><img loading=\"lazy\" decoding=\"async\" width=\"960\" height=\"1707\" src=\"https:\/\/heimatvereinbersenbrueck.de\/wordpress\/wp-content\/uploads\/2025\/02\/Liedersingen.TH_-960x1707.jpg\" alt=\"\" class=\"wp-image-3639\" srcset=\"https:\/\/heimatvereinbersenbrueck.de\/wordpress\/wp-content\/uploads\/2025\/02\/Liedersingen.TH_-960x1707.jpg 960w, https:\/\/heimatvereinbersenbrueck.de\/wordpress\/wp-content\/uploads\/2025\/02\/Liedersingen.TH_-620x1102.jpg 620w, https:\/\/heimatvereinbersenbrueck.de\/wordpress\/wp-content\/uploads\/2025\/02\/Liedersingen.TH_-768x1365.jpg 768w, https:\/\/heimatvereinbersenbrueck.de\/wordpress\/wp-content\/uploads\/2025\/02\/Liedersingen.TH_-864x1536.jpg 864w, https:\/\/heimatvereinbersenbrueck.de\/wordpress\/wp-content\/uploads\/2025\/02\/Liedersingen.TH_.jpg 1080w\" sizes=\"auto, (max-width: 960px) 100vw, 960px\" \/><\/a><\/figure>\n\n\n\n<div  class=\"tribe-compatibility-container\" >\n\t<div\n\t\t class=\"tribe-common tribe-events tribe-events-view tribe-events-view--widget-events-list tribe-events-widget\" \t\tdata-js=\"tribe-events-view\"\n\t\tdata-view-rest-url=\"https:\/\/heimatvereinbersenbrueck.de\/wordpress\/wp-json\/tribe\/views\/v2\/html\"\n\t\tdata-view-manage-url=\"1\"\n\t\t\t\t\t\t\tdata-view-breakpoint-pointer=\"d9385d33-a942-4e05-9508-6e0321d107e5\"\n\t\t\t>\n\t\t<div class=\"tribe-events-widget-events-list\">\n\n\t\t\t<script type=\"application\/ld+json\">\r\n[{\"@context\":\"http:\/\/schema.org\",\"@type\":\"Event\",\"name\":\"KHBB Fr\\u00fchwanderung in der Maiburg\\u00a0\\u00a0\\u00a0 01. Mai 2026 &#8211; 6.00 Uhr &#8211; Treffpunkt wird noch bekannt gegeben!!!\",\"description\":\"&lt;p&gt;KHBB Fr\\u00fchwanderung in der Maiburg&nbsp;&nbsp;&nbsp; 01. Mai 2026 - 6.00 Uhr - Treffpunkt wird noch bekannt gegeben!!!&lt;\/p&gt;\\\\n\",\"image\":\"https:\/\/heimatvereinbersenbrueck.de\/wordpress\/wp-content\/uploads\/2011\/01\/logo_khb-link.jpg\",\"url\":\"https:\/\/heimatvereinbersenbrueck.de\/wordpress\/termin\/khbb-fruehwanderung-in-der-maiburg-01-mai-2026-6-00-uhr-treffpunkt-wird-noch-bekannt-gegeben\/\",\"eventAttendanceMode\":\"https:\/\/schema.org\/OfflineEventAttendanceMode\",\"eventStatus\":\"https:\/\/schema.org\/EventScheduled\",\"startDate\":\"2026-05-01T06:00:00+02:00\",\"endDate\":\"2026-05-01T12:00:00+02:00\",\"location\":{\"@type\":\"Place\",\"name\":\"treffpunkt Maiburg &#8211; Heimatverein Bippen e.V.\",\"description\":\"\",\"url\":\"\",\"address\":{\"@type\":\"PostalAddress\",\"addressLocality\":\"Bippen\"},\"telephone\":\"\",\"sameAs\":\"\"},\"organizer\":{\"@type\":\"Person\",\"name\":\"Kreisheimatbund &#8211; KHBB &#8211; Bersenbr\\u00fcck\",\"description\":\"\",\"url\":\"\",\"telephone\":\"\",\"email\":\"\",\"sameAs\":\"\"},\"performer\":\"Organization\"},{\"@context\":\"http:\/\/schema.org\",\"@type\":\"Event\",\"name\":\"Treffen der Plattdeutsch Gruppe des Heimatverein Bersenbr\\u00fcck e.V. in der Feldm\\u00fchle\",\"description\":\"&lt;p&gt;Treffen der Plattdeutsch Gruppe des Heimatverein Bersenbr\\u00fcck e.V. in der Feldm\\u00fchle&lt;\/p&gt;\\\\n\",\"image\":\"https:\/\/heimatvereinbersenbrueck.de\/wordpress\/wp-content\/uploads\/2025\/12\/Plattdeutsch-am-Kamin-im-Heimathaus-Feldmuehle.jpg\",\"url\":\"https:\/\/heimatvereinbersenbrueck.de\/wordpress\/termin\/treffen-der-plattdeutsch-gruppe-des-heimatverein-bersenbrueck-e-v-in-der-feldmuehle-4\/\",\"eventAttendanceMode\":\"https:\/\/schema.org\/OfflineEventAttendanceMode\",\"eventStatus\":\"https:\/\/schema.org\/EventScheduled\",\"startDate\":\"2026-05-04T19:00:00+02:00\",\"endDate\":\"2026-05-04T21:00:00+02:00\",\"location\":{\"@type\":\"Place\",\"name\":\"Heimathaus des Heimatverein Bersenbr\\u00fcck\",\"description\":\"&lt;p&gt;Heimathaus des Heimatverein Bersenbr\\u00fcck&lt;\/p&gt;\\\\n\",\"image\":\"https:\/\/heimatvereinbersenbrueck.de\/wordpress\/wp-content\/uploads\/2023\/05\/Logo-Holzoptik-Heimatverein-Bersenbrueck-.jpg\",\"url\":\"\",\"address\":{\"@type\":\"PostalAddress\",\"streetAddress\":\"HW6V+675\",\"addressLocality\":\"Bersenbr\\u00fcck\",\"postalCode\":\"49593\",\"addressCountry\":\"Deutschland\"},\"telephone\":\"\",\"sameAs\":\"\"},\"organizer\":{\"@type\":\"Person\",\"name\":\"Heimatverein Bersenbr\\u00fcck\",\"description\":\"\",\"url\":\"https:\/\/heimatvereinbersenbrueck.de\/wordpress\/\",\"telephone\":\"+49 5439 1241\",\"email\":\"&#105;&#110;f&#111;&#64;h&#118;&#45;b&#115;&#98;&#46;&#100;e\",\"sameAs\":\"https:\/\/heimatvereinbersenbrueck.de\/wordpress\/\"},\"performer\":\"Organization\"},{\"@context\":\"http:\/\/schema.org\",\"@type\":\"Event\",\"name\":\"\\u00dcbungsabend unserer Singgruppe 08.05.26 Uhr ab 19.00 Uhr im B\\u00fcrgertreff \\u2013 BSB \\u2013 Bramscher Str. 7\",\"description\":\"&lt;p&gt;8 \\u00dcbungsabend unserer Singgruppe 08.05.26 Uhr ab 19.00 Uhr im B\\u00fcrgertreff \\u2013 BSB \\u2013 Bramscher Str. 7&lt;\/p&gt;\\\\n\",\"image\":\"https:\/\/heimatvereinbersenbrueck.de\/wordpress\/wp-content\/uploads\/2025\/09\/Singgruppe-Terminbild-ohne-Datum-.jpg\",\"url\":\"https:\/\/heimatvereinbersenbrueck.de\/wordpress\/termin\/uebungsabend-unserer-singgruppe-08-05-26-uhr-ab-19-00-uhr-im-buergertreff-bsb-bramscher-str-7\/\",\"eventAttendanceMode\":\"https:\/\/schema.org\/OfflineEventAttendanceMode\",\"eventStatus\":\"https:\/\/schema.org\/EventScheduled\",\"startDate\":\"2026-05-08T19:00:00+02:00\",\"endDate\":\"2026-05-08T21:00:00+02:00\",\"location\":{\"@type\":\"Place\",\"name\":\"B\\u00fcrgertreff Bersenbr\\u00fcck\",\"description\":\"\",\"url\":\"\",\"address\":{\"@type\":\"PostalAddress\",\"streetAddress\":\"Bramscher Str. 7\",\"addressLocality\":\"Bersenbr\\u00fcck\",\"addressRegion\":\"Niedersachsen\",\"postalCode\":\"49593\",\"addressCountry\":\"Germany\"},\"telephone\":\"\",\"sameAs\":\"\"},\"organizer\":{\"@type\":\"Person\",\"name\":\"Singgruppe des Heimatverein Bersenbr\\u00fcck\",\"description\":\"\",\"url\":\"\",\"telephone\":\"\",\"email\":\"\",\"sameAs\":\"\"},\"performer\":\"Organization\"},{\"@context\":\"http:\/\/schema.org\",\"@type\":\"Event\",\"name\":\"Radwanderung des Heimatverein Bersenbr\\u00fcck e.V. Dienstag\\u00a012.05.2026\",\"description\":\"&lt;p&gt;Radwanderung des Heimatverein Bersenbr\\u00fcck \\u00a015.04\\u201312.05.\\u201317.06.\\u201315.07.-12.08.- 09.09.an jedem 2ten Dienstag oder Mittwoch im Monat Treffpunkt: Heimathaus Feldm\\u00fchle Abfahrt 14.00 Uhr&lt;\/p&gt;\\\\n\",\"image\":\"https:\/\/heimatvereinbersenbrueck.de\/wordpress\/wp-content\/uploads\/2025\/09\/HVB-Logo-Radwandergruppe.jpg\",\"url\":\"https:\/\/heimatvereinbersenbrueck.de\/wordpress\/termin\/radwanderung-12-05-17-06-15-07-12-08-09-09-an-jedem-2ten-dienstag-oder-mittwoch-im-monat\/\",\"eventAttendanceMode\":\"https:\/\/schema.org\/OfflineEventAttendanceMode\",\"eventStatus\":\"https:\/\/schema.org\/EventScheduled\",\"startDate\":\"2026-05-12T14:00:00+02:00\",\"endDate\":\"2026-05-12T18:00:00+02:00\",\"location\":{\"@type\":\"Place\",\"name\":\"Heimathaus des Heimatverein Bersenbr\\u00fcck\",\"description\":\"&lt;p&gt;Heimathaus des Heimatverein Bersenbr\\u00fcck&lt;\/p&gt;\\\\n\",\"image\":\"https:\/\/heimatvereinbersenbrueck.de\/wordpress\/wp-content\/uploads\/2023\/05\/Logo-Holzoptik-Heimatverein-Bersenbrueck-.jpg\",\"url\":\"\",\"address\":{\"@type\":\"PostalAddress\",\"streetAddress\":\"HW6V+675\",\"addressLocality\":\"Bersenbr\\u00fcck\",\"postalCode\":\"49593\",\"addressCountry\":\"Deutschland\"},\"telephone\":\"\",\"sameAs\":\"\"},\"organizer\":{\"@type\":\"Person\",\"name\":\"Radwanderwart Heimatverein Bersenbr\\u00fcck e.V.\",\"description\":\"&lt;p&gt;Kontakt: Reinhard P\\u00f6ttker reinhard@hv-bsb.de&lt;\/p&gt;\\\\n\",\"image\":\"https:\/\/heimatvereinbersenbrueck.de\/wordpress\/wp-content\/uploads\/2025\/09\/HVB-Logo-Radwandergruppe.jpg\",\"url\":\"https:\/\/heimatvereinbersenbrueck.de\",\"telephone\":\"\",\"email\":\"&#114;&#101;in&#104;&#97;rd&#64;hv-&#98;&#115;&#98;.&#100;&#101;\",\"sameAs\":\"https:\/\/heimatvereinbersenbrueck.de\"},\"performer\":\"Organization\"},{\"@context\":\"http:\/\/schema.org\",\"@type\":\"Event\",\"name\":\"KHBB &#8211; Tag des Wanderns  &#8211; 14.05.2026 &#8211; weitere Informationen folgen!\",\"description\":\"&lt;p&gt;KHBB - Tag des Wanderns - 14.05.2026 - weitere Informationen folgen!&lt;\/p&gt;\\\\n\",\"image\":\"https:\/\/heimatvereinbersenbrueck.de\/wordpress\/wp-content\/uploads\/2023\/05\/Logo-SchriftzKHBB-jpg-1920w.webp\",\"url\":\"https:\/\/heimatvereinbersenbrueck.de\/wordpress\/termin\/khbb-tag-des-wanderns-14-05-2026-weitere-informationen-folgen\/\",\"eventAttendanceMode\":\"https:\/\/schema.org\/OfflineEventAttendanceMode\",\"eventStatus\":\"https:\/\/schema.org\/EventScheduled\",\"startDate\":\"2026-05-14T00:01:00+02:00\",\"endDate\":\"2026-05-14T23:59:00+02:00\",\"organizer\":{\"@type\":\"Person\",\"name\":\"Kreisheimatbund &#8211; KHBB &#8211; Bersenbr\\u00fcck\",\"description\":\"\",\"url\":\"\",\"telephone\":\"\",\"email\":\"\",\"sameAs\":\"\"},\"performer\":\"Organization\"}]\r\n<\/script>\n\t\t\t<script data-js=\"tribe-events-view-data\" type=\"application\/json\">\n\t{\"slug\":\"widget-events-list\",\"prev_url\":\"\",\"next_url\":\"https:\\\/\\\/heimatvereinbersenbrueck.de\\\/wordpress\\\/?post_type=tribe_events&eventDisplay=widget-events-list&paged=2\",\"view_class\":\"Tribe\\\\Events\\\\Views\\\\V2\\\\Views\\\\Widgets\\\\Widget_List_View\",\"view_slug\":\"widget-events-list\",\"view_label\":\"View\",\"view\":null,\"should_manage_url\":true,\"id\":null,\"alias-slugs\":null,\"title\":\"Veranstaltungen von April 29 \\u2013 Mai 14 \\u2013 Heimatverein Bersenbr\\u00fcck e.V.\",\"limit\":\"5\",\"no_upcoming_events\":false,\"featured_events_only\":false,\"jsonld_enable\":true,\"tribe_is_list_widget\":false,\"admin_fields\":{\"title\":{\"label\":\"Titel:\",\"type\":\"text\",\"parent_classes\":\"\",\"classes\":\"\",\"dependency\":\"\",\"id\":\"widget-tribe-widget-events-list--1-title\",\"name\":\"widget-tribe-widget-events-list[-1][title]\",\"options\":[],\"placeholder\":\"\",\"value\":null},\"limit\":{\"label\":\"Anzeige:\",\"type\":\"number\",\"default\":5,\"min\":1,\"max\":10,\"step\":1,\"parent_classes\":\"\",\"classes\":\"\",\"dependency\":\"\",\"id\":\"widget-tribe-widget-events-list--1-limit\",\"name\":\"widget-tribe-widget-events-list[-1][limit]\",\"options\":[],\"placeholder\":\"\",\"value\":null},\"no_upcoming_events\":{\"label\":\"Blende dieses Widget aus, wenn es keine bevorstehenden Veranstaltungen gibt.\",\"type\":\"checkbox\",\"parent_classes\":\"\",\"classes\":\"\",\"dependency\":\"\",\"id\":\"widget-tribe-widget-events-list--1-no_upcoming_events\",\"name\":\"widget-tribe-widget-events-list[-1][no_upcoming_events]\",\"options\":[],\"placeholder\":\"\",\"value\":null},\"featured_events_only\":{\"label\":\"Nur auf hervorgehobene Veranstaltungen beschr\\u00e4nken\",\"type\":\"checkbox\",\"parent_classes\":\"\",\"classes\":\"\",\"dependency\":\"\",\"id\":\"widget-tribe-widget-events-list--1-featured_events_only\",\"name\":\"widget-tribe-widget-events-list[-1][featured_events_only]\",\"options\":[],\"placeholder\":\"\",\"value\":null},\"jsonld_enable\":{\"label\":\"JSON-LD-Daten generieren\",\"type\":\"checkbox\",\"parent_classes\":\"\",\"classes\":\"\",\"dependency\":\"\",\"id\":\"widget-tribe-widget-events-list--1-jsonld_enable\",\"name\":\"widget-tribe-widget-events-list[-1][jsonld_enable]\",\"options\":[],\"placeholder\":\"\",\"value\":null}},\"events\":[4350,4661,4744,4310,4359],\"url\":\"https:\\\/\\\/heimatvereinbersenbrueck.de\\\/wordpress\\\/?post_type=tribe_events&eventDisplay=widget-events-list\",\"url_event_date\":false,\"bar\":{\"keyword\":\"\",\"date\":\"\"},\"today\":\"2026-04-29 00:00:00\",\"now\":\"2026-04-29 22:54:44\",\"home_url\":\"https:\\\/\\\/heimatvereinbersenbrueck.de\\\/wordpress\",\"rest_url\":\"https:\\\/\\\/heimatvereinbersenbrueck.de\\\/wordpress\\\/wp-json\\\/tribe\\\/views\\\/v2\\\/html\",\"rest_method\":\"GET\",\"rest_nonce\":\"\",\"today_url\":\"https:\\\/\\\/heimatvereinbersenbrueck.de\\\/wordpress\\\/?post_type=tribe_events&eventDisplay=widget-events-list&rest_route=%2Fwp%2Fv2%2Fpages%2F3638\",\"today_title\":\"Klicke, um das heutige Datum auszuw\\u00e4hlen\",\"today_label\":\"Heute\",\"prev_label\":\"\",\"next_label\":\"\",\"date_formats\":{\"compact\":\"n\\\/j\\\/Y\",\"month_and_year_compact\":\"n\\\/Y\",\"month_and_year\":\"F Y\",\"time_range_separator\":\" - \",\"date_time_separator\":\" @ \"},\"messages\":[],\"start_of_week\":\"1\",\"header_title\":\"\",\"header_title_element\":\"h1\",\"content_title\":\"\",\"show_content_title\":false,\"breadcrumbs\":[],\"backlink\":false,\"before_events\":\"<p><a href=\\\"https:\\\/\\\/heimatvereinbersenbrueck.de\\\/wordpress\\\/wp-content\\\/uploads\\\/2024\\\/05\\\/cropped-HVB-2400-1200-x-400-px-Final-1-1.jpg\\\"><img class=\\\"alignnone size-medium wp-image-2531\\\" src=\\\"https:\\\/\\\/heimatvereinbersenbrueck.de\\\/wordpress\\\/wp-content\\\/uploads\\\/2024\\\/05\\\/cropped-HVB-2400-1200-x-400-px-Final-1-1-620x126.jpg\\\" alt=\\\"\\\" width=\\\"620\\\" height=\\\"126\\\" \\\/><\\\/a><\\\/p>\\n<p>Unsere Termine f\\u00fcr 2026 sind noch im Entwurfsstatus &#8211; \\u00c4nderungen und Verschiebungen sich aktuell bis zum Jahresende noch m\\u00f6glich.<\\\/p>\\n<p>Nachstehend eine Liste mit Kategorien ( um den Kalender &#8211; nach Themen zu sortieren. )<\\\/p>\\n<p><a href=\\\"https:\\\/\\\/heimatvereinbersenbrueck.de\\\/wordpress\\\/events\\\/schlagwort\\\/khbb\\\/\\\">Thema: KHBB &#8211; Kreisheimatbund Bersenbrueck e.V.<\\\/a><\\\/p>\\n<p>Thema: Heimatverein Bersenbrueck e.V.<\\\/p>\\n<p><a href=\\\"https:\\\/\\\/heimatvereinbersenbrueck.de\\\/wordpress\\\/events\\\/schlagwort\\\/radwanderung\\\/\\\">Thema: Radwanderungen<\\\/a><\\\/p>\\n\",\"after_events\":\"<h6>aktuelle Meldungen zu den Veranstaltungen gibt&#8217;s auch in der WhatsApp-Gruppe Info Point BSB, in der Tageszeitung, im Aushangkasten an der Klosterpforte\\u00a0 und im 1\\\/4 j\\u00e4hrlichen Mitteilungsblatt des Heimatsverein Bersenbr\\u00fcck e.V. erh\\u00e4ltlich\\u00a0 im localen Einzelhandel und der Kreissparkasse Bersenbr\\u00fcck.<\\\/h6>\\n\\n<!--\\nThis calendar is powered by The Events Calendar.\\nhttp:\\\/\\\/evnt.is\\\/18wn\\n-->\\n\",\"display_events_bar\":false,\"disable_event_search\":false,\"live_refresh\":true,\"ical\":{\"display_link\":true,\"link\":{\"url\":\"https:\\\/\\\/heimatvereinbersenbrueck.de\\\/wordpress\\\/?post_type=tribe_events&#038;eventDisplay=widget-events-list&#038;ical=1\",\"text\":\"Veranstaltungen als iCal exportieren\",\"title\":\"Diese Funktion verwenden, um Kalenderdaten mit Google Kalender, Apple iCal und kompatiblen Apps zu teilen\"}},\"container_classes\":[\"tribe-common\",\"tribe-events\",\"tribe-events-view\",\"tribe-events-view--widget-events-list\",\"tribe-events-widget\"],\"container_data\":[],\"is_past\":false,\"breakpoints\":{\"xsmall\":500,\"medium\":768,\"full\":960},\"breakpoint_pointer\":\"d9385d33-a942-4e05-9508-6e0321d107e5\",\"is_initial_load\":false,\"public_views\":{\"list\":{\"view_class\":\"Tribe\\\\Events\\\\Views\\\\V2\\\\Views\\\\List_View\",\"view_url\":\"https:\\\/\\\/heimatvereinbersenbrueck.de\\\/wordpress\\\/events\\\/liste\\\/\",\"view_label\":\"Liste\",\"aria_label\":\"Zeige Veranstaltungen in der Liste Ansicht\"},\"month\":{\"view_class\":\"Tribe\\\\Events\\\\Views\\\\V2\\\\Views\\\\Month_View\",\"view_url\":\"https:\\\/\\\/heimatvereinbersenbrueck.de\\\/wordpress\\\/events\\\/monat\\\/\",\"view_label\":\"Monat\",\"aria_label\":\"Zeige Veranstaltungen in der Monat Ansicht\"},\"day\":{\"view_class\":\"Tribe\\\\Events\\\\Views\\\\V2\\\\Views\\\\Day_View\",\"view_url\":\"https:\\\/\\\/heimatvereinbersenbrueck.de\\\/wordpress\\\/events\\\/heute\\\/\",\"view_label\":\"Tag\",\"aria_label\":\"Zeige Veranstaltungen in der Tag Ansicht\"}},\"show_latest_past\":false,\"past\":false,\"compatibility_classes\":[\"tribe-compatibility-container\"],\"view_more_text\":\"Kalender anzeigen\",\"view_more_title\":\"Weitere Veranstaltungen anzeigen.\",\"view_more_link\":\"https:\\\/\\\/heimatvereinbersenbrueck.de\\\/wordpress\\\/events\\\/\",\"widget_title\":\"Anstehende Veranstaltungen\",\"hide_if_no_upcoming_events\":false,\"display\":[],\"subscribe_links\":{\"gcal\":{\"label\":\"Google Kalender\",\"single_label\":\"Zu Google Kalender hinzuf\\u00fcgen\",\"visible\":true,\"block_slug\":\"hasGoogleCalendar\"},\"ical\":{\"label\":\"iCalendar\",\"single_label\":\"Zu iCalendar hinzuf\\u00fcgen\",\"visible\":true,\"block_slug\":\"hasiCal\"},\"outlook-365\":{\"label\":\"Outlook 365\",\"single_label\":\"Outlook 365\",\"visible\":true,\"block_slug\":\"hasOutlook365\"},\"outlook-live\":{\"label\":\"Outlook Live\",\"single_label\":\"Outlook Live\",\"visible\":true,\"block_slug\":\"hasOutlookLive\"},\"ics\":{\"label\":\".ics-Datei exportieren\",\"single_label\":\".ics-Datei exportieren\",\"visible\":true,\"block_slug\":null},\"outlook-ics\":{\"label\":\"Exportiere Outlook .ics Datei\",\"single_label\":\"Exportiere Outlook .ics Datei\",\"visible\":true,\"block_slug\":null}},\"_context\":{\"slug\":\"widget-events-list\"}}<\/script>\n\n\t\t\t\t\t\t\t<header class=\"tribe-events-widget-events-list__header\">\n\t\t\t\t\t<h2 class=\"tribe-events-widget-events-list__header-title tribe-common-h6 tribe-common-h--alt\">\n\t\t\t\t\t\tAnstehende Veranstaltungen\t\t\t\t\t<\/h2>\n\t\t\t\t<\/header>\n\t\t\t\n\t\t\t\n\t\t\t\t<div class=\"tribe-events-widget-events-list__events\">\n\t\t\t\t\t\t\t\t\t\t\t<div  class=\"tribe-common-g-row tribe-events-widget-events-list__event-row\" >\n\n\t<div class=\"tribe-events-widget-events-list__event-date-tag tribe-common-g-col\">\n\t<time class=\"tribe-events-widget-events-list__event-date-tag-datetime\" datetime=\"2026-05-01\">\n\t\t<span class=\"tribe-events-widget-events-list__event-date-tag-month\">\n\t\t\tMai\t\t<\/span>\n\t\t<span class=\"tribe-events-widget-events-list__event-date-tag-daynum tribe-common-h2 tribe-common-h4--min-medium\">\n\t\t\t1\t\t<\/span>\n\t<\/time>\n<\/div>\n\n\t<div class=\"tribe-events-widget-events-list__event-wrapper tribe-common-g-col\">\n\t\t<article  class=\"tribe-events-widget-events-list__event post-4350 tribe_events type-tribe_events status-publish has-post-thumbnail hentry tag-khbb tribe_events_cat-fusswanderungen tribe_events_cat-khbb\" >\n\t\t\t<div class=\"tribe-events-widget-events-list__event-details\">\n\n\t\t\t\t<header class=\"tribe-events-widget-events-list__event-header\">\n\t\t\t\t\t<div class=\"tribe-events-widget-events-list__event-datetime-wrapper tribe-common-b2 tribe-common-b3--min-medium\">\n\t\t<time class=\"tribe-events-widget-events-list__event-datetime\" datetime=\"2026-05-01\">\n\t\t<span class=\"tribe-event-date-start\">06:00<\/span> &#8211; <span class=\"tribe-event-time\">12:00<\/span>\t<\/time>\n\t<\/div>\n\t\t\t\t\t<h3 class=\"tribe-events-widget-events-list__event-title tribe-common-h7\">\n\t<a\n\t\thref=\"https:\/\/heimatvereinbersenbrueck.de\/wordpress\/termin\/khbb-fruehwanderung-in-der-maiburg-01-mai-2026-6-00-uhr-treffpunkt-wird-noch-bekannt-gegeben\/\"\n\t\ttitle=\"KHBB Fr\u00fchwanderung in der Maiburg\u00a0\u00a0\u00a0 01. Mai 2026 &#8211; 6.00 Uhr &#8211; Treffpunkt wird noch bekannt gegeben!!!\"\n\t\trel=\"bookmark\"\n\t\tclass=\"tribe-events-widget-events-list__event-title-link tribe-common-anchor-thin\"\n\t>\n\t\tKHBB Fr\u00fchwanderung in der Maiburg\u00a0\u00a0\u00a0 01. Mai 2026 &#8211; 6.00 Uhr &#8211; Treffpunkt wird noch bekannt gegeben!!!\t<\/a>\n<\/h3>\n\t\t\t\t<\/header>\n\n\t\t\t\t\n\t\t\t<\/div>\n\t\t<\/article>\n\t<\/div>\n\n<\/div>\n\t\t\t\t\t\t\t\t\t\t\t<div  class=\"tribe-common-g-row tribe-events-widget-events-list__event-row\" >\n\n\t<div class=\"tribe-events-widget-events-list__event-date-tag tribe-common-g-col\">\n\t<time class=\"tribe-events-widget-events-list__event-date-tag-datetime\" datetime=\"2026-05-04\">\n\t\t<span class=\"tribe-events-widget-events-list__event-date-tag-month\">\n\t\t\tMai\t\t<\/span>\n\t\t<span class=\"tribe-events-widget-events-list__event-date-tag-daynum tribe-common-h2 tribe-common-h4--min-medium\">\n\t\t\t4\t\t<\/span>\n\t<\/time>\n<\/div>\n\n\t<div class=\"tribe-events-widget-events-list__event-wrapper tribe-common-g-col\">\n\t\t<article  class=\"tribe-events-widget-events-list__event post-4661 tribe_events type-tribe_events status-publish has-post-thumbnail hentry tag-plattdeutsch-gruppe tribe_events_cat-plattdeutsche-gruppe-des-heimatverein-bersenbrueck\" >\n\t\t\t<div class=\"tribe-events-widget-events-list__event-details\">\n\n\t\t\t\t<header class=\"tribe-events-widget-events-list__event-header\">\n\t\t\t\t\t<div class=\"tribe-events-widget-events-list__event-datetime-wrapper tribe-common-b2 tribe-common-b3--min-medium\">\n\t\t<time class=\"tribe-events-widget-events-list__event-datetime\" datetime=\"2026-05-04\">\n\t\t<span class=\"tribe-event-date-start\">19:00<\/span> &#8211; <span class=\"tribe-event-time\">21:00<\/span>\t<\/time>\n\t<\/div>\n\t\t\t\t\t<h3 class=\"tribe-events-widget-events-list__event-title tribe-common-h7\">\n\t<a\n\t\thref=\"https:\/\/heimatvereinbersenbrueck.de\/wordpress\/termin\/treffen-der-plattdeutsch-gruppe-des-heimatverein-bersenbrueck-e-v-in-der-feldmuehle-4\/\"\n\t\ttitle=\"Treffen der Plattdeutsch Gruppe des Heimatverein Bersenbr\u00fcck e.V. in der Feldm\u00fchle\"\n\t\trel=\"bookmark\"\n\t\tclass=\"tribe-events-widget-events-list__event-title-link tribe-common-anchor-thin\"\n\t>\n\t\tTreffen der Plattdeutsch Gruppe des Heimatverein Bersenbr\u00fcck e.V. in der Feldm\u00fchle\t<\/a>\n<\/h3>\n\t\t\t\t<\/header>\n\n\t\t\t\t\n\t\t\t<\/div>\n\t\t<\/article>\n\t<\/div>\n\n<\/div>\n\t\t\t\t\t\t\t\t\t\t\t<div  class=\"tribe-common-g-row tribe-events-widget-events-list__event-row\" >\n\n\t<div class=\"tribe-events-widget-events-list__event-date-tag tribe-common-g-col\">\n\t<time class=\"tribe-events-widget-events-list__event-date-tag-datetime\" datetime=\"2026-05-08\">\n\t\t<span class=\"tribe-events-widget-events-list__event-date-tag-month\">\n\t\t\tMai\t\t<\/span>\n\t\t<span class=\"tribe-events-widget-events-list__event-date-tag-daynum tribe-common-h2 tribe-common-h4--min-medium\">\n\t\t\t8\t\t<\/span>\n\t<\/time>\n<\/div>\n\n\t<div class=\"tribe-events-widget-events-list__event-wrapper tribe-common-g-col\">\n\t\t<article  class=\"tribe-events-widget-events-list__event post-4744 tribe_events type-tribe_events status-publish has-post-thumbnail hentry tag-hvb-singgruppe tribe_events_cat-singgruppe-hvb\" >\n\t\t\t<div class=\"tribe-events-widget-events-list__event-details\">\n\n\t\t\t\t<header class=\"tribe-events-widget-events-list__event-header\">\n\t\t\t\t\t<div class=\"tribe-events-widget-events-list__event-datetime-wrapper tribe-common-b2 tribe-common-b3--min-medium\">\n\t\t<time class=\"tribe-events-widget-events-list__event-datetime\" datetime=\"2026-05-08\">\n\t\t<span class=\"tribe-event-date-start\">19:00<\/span> &#8211; <span class=\"tribe-event-time\">21:00<\/span>\t<\/time>\n\t<\/div>\n\t\t\t\t\t<h3 class=\"tribe-events-widget-events-list__event-title tribe-common-h7\">\n\t<a\n\t\thref=\"https:\/\/heimatvereinbersenbrueck.de\/wordpress\/termin\/uebungsabend-unserer-singgruppe-08-05-26-uhr-ab-19-00-uhr-im-buergertreff-bsb-bramscher-str-7\/\"\n\t\ttitle=\"\u00dcbungsabend unserer Singgruppe 08.05.26 Uhr ab 19.00 Uhr im B\u00fcrgertreff \u2013 BSB \u2013 Bramscher Str. 7\"\n\t\trel=\"bookmark\"\n\t\tclass=\"tribe-events-widget-events-list__event-title-link tribe-common-anchor-thin\"\n\t>\n\t\t\u00dcbungsabend unserer Singgruppe 08.05.26 Uhr ab 19.00 Uhr im B\u00fcrgertreff \u2013 BSB \u2013 Bramscher Str. 7\t<\/a>\n<\/h3>\n\t\t\t\t<\/header>\n\n\t\t\t\t\n\t\t\t<\/div>\n\t\t<\/article>\n\t<\/div>\n\n<\/div>\n\t\t\t\t\t\t\t\t\t\t\t<div  class=\"tribe-common-g-row tribe-events-widget-events-list__event-row\" >\n\n\t<div class=\"tribe-events-widget-events-list__event-date-tag tribe-common-g-col\">\n\t<time class=\"tribe-events-widget-events-list__event-date-tag-datetime\" datetime=\"2026-05-12\">\n\t\t<span class=\"tribe-events-widget-events-list__event-date-tag-month\">\n\t\t\tMai\t\t<\/span>\n\t\t<span class=\"tribe-events-widget-events-list__event-date-tag-daynum tribe-common-h2 tribe-common-h4--min-medium\">\n\t\t\t12\t\t<\/span>\n\t<\/time>\n<\/div>\n\n\t<div class=\"tribe-events-widget-events-list__event-wrapper tribe-common-g-col\">\n\t\t<article  class=\"tribe-events-widget-events-list__event post-4310 tribe_events type-tribe_events status-publish has-post-thumbnail hentry tag-radwanderung tribe_events_cat-radwanderung-des-heimatvereins-bersenbrueck-e-v\" >\n\t\t\t<div class=\"tribe-events-widget-events-list__event-details\">\n\n\t\t\t\t<header class=\"tribe-events-widget-events-list__event-header\">\n\t\t\t\t\t<div class=\"tribe-events-widget-events-list__event-datetime-wrapper tribe-common-b2 tribe-common-b3--min-medium\">\n\t\t<time class=\"tribe-events-widget-events-list__event-datetime\" datetime=\"2026-05-12\">\n\t\t<span class=\"tribe-event-date-start\">14:00<\/span> &#8211; <span class=\"tribe-event-time\">18:00<\/span>\t<\/time>\n\t<\/div>\n\t\t\t\t\t<h3 class=\"tribe-events-widget-events-list__event-title tribe-common-h7\">\n\t<a\n\t\thref=\"https:\/\/heimatvereinbersenbrueck.de\/wordpress\/termin\/radwanderung-12-05-17-06-15-07-12-08-09-09-an-jedem-2ten-dienstag-oder-mittwoch-im-monat\/\"\n\t\ttitle=\"Radwanderung des Heimatverein Bersenbr\u00fcck e.V. Dienstag\u00a012.05.2026\"\n\t\trel=\"bookmark\"\n\t\tclass=\"tribe-events-widget-events-list__event-title-link tribe-common-anchor-thin\"\n\t>\n\t\tRadwanderung des Heimatverein Bersenbr\u00fcck e.V. Dienstag\u00a012.05.2026\t<\/a>\n<\/h3>\n\t\t\t\t<\/header>\n\n\t\t\t\t\n\t\t\t<\/div>\n\t\t<\/article>\n\t<\/div>\n\n<\/div>\n\t\t\t\t\t\t\t\t\t\t\t<div  class=\"tribe-common-g-row tribe-events-widget-events-list__event-row\" >\n\n\t<div class=\"tribe-events-widget-events-list__event-date-tag tribe-common-g-col\">\n\t<time class=\"tribe-events-widget-events-list__event-date-tag-datetime\" datetime=\"2026-05-14\">\n\t\t<span class=\"tribe-events-widget-events-list__event-date-tag-month\">\n\t\t\tMai\t\t<\/span>\n\t\t<span class=\"tribe-events-widget-events-list__event-date-tag-daynum tribe-common-h2 tribe-common-h4--min-medium\">\n\t\t\t14\t\t<\/span>\n\t<\/time>\n<\/div>\n\n\t<div class=\"tribe-events-widget-events-list__event-wrapper tribe-common-g-col\">\n\t\t<article  class=\"tribe-events-widget-events-list__event post-4359 tribe_events type-tribe_events status-publish has-post-thumbnail hentry tag-khbb tribe_events_cat-fusswanderungen tribe_events_cat-heimatverein-bersenbrueck\" >\n\t\t\t<div class=\"tribe-events-widget-events-list__event-details\">\n\n\t\t\t\t<header class=\"tribe-events-widget-events-list__event-header\">\n\t\t\t\t\t<div class=\"tribe-events-widget-events-list__event-datetime-wrapper tribe-common-b2 tribe-common-b3--min-medium\">\n\t\t<time class=\"tribe-events-widget-events-list__event-datetime\" datetime=\"2026-05-14\">\n\t\t<span class=\"tribe-event-date-start\">00:01<\/span> &#8211; <span class=\"tribe-event-time\">23:59<\/span>\t<\/time>\n\t<\/div>\n\t\t\t\t\t<h3 class=\"tribe-events-widget-events-list__event-title tribe-common-h7\">\n\t<a\n\t\thref=\"https:\/\/heimatvereinbersenbrueck.de\/wordpress\/termin\/khbb-tag-des-wanderns-14-05-2026-weitere-informationen-folgen\/\"\n\t\ttitle=\"KHBB &#8211; Tag des Wanderns  &#8211; 14.05.2026 &#8211; weitere Informationen folgen!\"\n\t\trel=\"bookmark\"\n\t\tclass=\"tribe-events-widget-events-list__event-title-link tribe-common-anchor-thin\"\n\t>\n\t\tKHBB &#8211; Tag des Wanderns  &#8211; 14.05.2026 &#8211; weitere Informationen folgen!\t<\/a>\n<\/h3>\n\t\t\t\t<\/header>\n\n\t\t\t\t\n\t\t\t<\/div>\n\t\t<\/article>\n\t<\/div>\n\n<\/div>\n\t\t\t\t\t\t\t\t\t<\/div>\n\n\t\t\t\t<div class=\"tribe-events-widget-events-list__view-more tribe-common-b1 tribe-common-b2--min-medium\">\n\t<a\n\t\thref=\"https:\/\/heimatvereinbersenbrueck.de\/wordpress\/events\/\"\n\t\tclass=\"tribe-events-widget-events-list__view-more-link tribe-common-anchor-thin\"\n\t\ttitle=\"Weitere Veranstaltungen anzeigen.\"\n\t>\n\t\tKalender anzeigen\t<\/a>\n<\/div>\n\n\t\t\t\t\t<\/div>\n\t<\/div>\n<\/div>\n<script data-js='tribe-events-view-nonce-data' type='application\/json'>{\"tvn1\":\"12320ee3fa\",\"tvn2\":\"\"}<\/script>\n","protected":false},"excerpt":{"rendered":"<p>Gesang hat viele positive Eigenschaften.In der Gruppe wird die Gemeinschaft gef\u00f6rdert. Verschiedene Muskelgruppen von Gesicht bis Zwerchfell kommen zum Einsatz. Und nicht zuletzt kann er einen positiven Einfluss auf das Gem\u00fct mit sich bringen. Leider wird in der heutigen multimedialen Zeit Musik oftmals beil\u00e4ufig konsumiert und Gelegenheiten f\u00fcr das eigene Singen sind eher sp\u00e4rlich ges\u00e4t.Um hier eine Gelegenheit zu schaffen, <a class=\"more-link\" href=\"https:\/\/heimatvereinbersenbrueck.de\/wordpress\/arbeitsschwerpunkte-des-heimatvereins-bersenbrueck\/vorstellung-der-singgruppe-des-heimatvereins\/\">&lt;weiterlesen&#8230;<\/a><\/p>\n","protected":false},"author":3,"featured_media":3639,"parent":1388,"menu_order":0,"comment_status":"closed","ping_status":"closed","template":"","meta":{"pgc_sgb_lightbox_settings":"","_EventAllDay":false,"_EventTimezone":"","_EventStartDate":"","_EventEndDate":"","_EventStartDateUTC":"","_EventEndDateUTC":"","_EventShowMap":false,"_EventShowMapLink":false,"_EventURL":"","_EventCost":"","_EventCostDescription":"","_EventCurrencySymbol":"","_EventCurrencyCode":"","_EventCurrencyPosition":"","_EventDateTimeSeparator":"","_EventTimeRangeSeparator":"","_EventOrganizerID":[],"_EventVenueID":[],"_OrganizerEmail":"","_OrganizerPhone":"","_OrganizerWebsite":"","_VenueAddress":"","_VenueCity":"","_VenueCountry":"","_VenueProvince":"","_VenueState":"","_VenueZip":"","_VenuePhone":"","_VenueURL":"","_VenueStateProvince":"","_VenueLat":"","_VenueLng":"","_VenueShowMap":false,"_VenueShowMapLink":false,"footnotes":""},"class_list":["post-3638","page","type-page","status-publish","has-post-thumbnail","hentry"],"_links":{"self":[{"href":"https:\/\/heimatvereinbersenbrueck.de\/wordpress\/wp-json\/wp\/v2\/pages\/3638","targetHints":{"allow":["GET"]}}],"collection":[{"href":"https:\/\/heimatvereinbersenbrueck.de\/wordpress\/wp-json\/wp\/v2\/pages"}],"about":[{"href":"https:\/\/heimatvereinbersenbrueck.de\/wordpress\/wp-json\/wp\/v2\/types\/page"}],"author":[{"embeddable":true,"href":"https:\/\/heimatvereinbersenbrueck.de\/wordpress\/wp-json\/wp\/v2\/users\/3"}],"replies":[{"embeddable":true,"href":"https:\/\/heimatvereinbersenbrueck.de\/wordpress\/wp-json\/wp\/v2\/comments?post=3638"}],"version-history":[{"count":28,"href":"https:\/\/heimatvereinbersenbrueck.de\/wordpress\/wp-json\/wp\/v2\/pages\/3638\/revisions"}],"predecessor-version":[{"id":3715,"href":"https:\/\/heimatvereinbersenbrueck.de\/wordpress\/wp-json\/wp\/v2\/pages\/3638\/revisions\/3715"}],"up":[{"embeddable":true,"href":"https:\/\/heimatvereinbersenbrueck.de\/wordpress\/wp-json\/wp\/v2\/pages\/1388"}],"wp:featuredmedia":[{"embeddable":true,"href":"https:\/\/heimatvereinbersenbrueck.de\/wordpress\/wp-json\/wp\/v2\/media\/3639"}],"wp:attachment":[{"href":"https:\/\/heimatvereinbersenbrueck.de\/wordpress\/wp-json\/wp\/v2\/media?parent=3638"}],"curies":[{"name":"wp","href":"https:\/\/api.w.org\/{rel}","templated":true}]}}